{"id":10726,"date":"2022-10-13T16:26:17","date_gmt":"2022-10-13T14:26:17","guid":{"rendered":"https:\/\/comercmoble.com\/project\/fira-del-moble-iecla-2022\/"},"modified":"2022-10-13T16:33:50","modified_gmt":"2022-10-13T14:33:50","slug":"fira-del-moble-iecla-2022","status":"publish","type":"project","link":"https:\/\/comercmoble.com\/ca\/project\/fira-del-moble-iecla-2022\/","title":{"rendered":"Fira del Moble Iecla 2022"},"content":{"rendered":"<p>[et_pb_section fb_built=&#8221;1&#8243; admin_label=&#8221;Header&#8221; _builder_version=&#8221;4.17.0&#8243; use_background_color_gradient=&#8221;on&#8221; background_color_gradient_direction=&#8221;90deg&#8221; background_color_gradient_stops=&#8221;rgba(210,218,228,0.38) 45%|#ffffff 45%&#8221; background_color_gradient_start=&#8221;rgba(210,218,228,0.38)&#8221; background_color_gradient_start_position=&#8221;45%&#8221; background_color_gradient_end=&#8221;#ffffff&#8221; background_color_gradient_end_position=&#8221;45%&#8221; custom_margin=&#8221;||3vw|||&#8221; custom_padding=&#8221;54px|0px|0|0px|false|false&#8221; global_colors_info=&#8221;{}&#8221;][et_pb_row column_structure=&#8221;1_2,1_2&#8243; _builder_version=&#8221;4.16&#8243; max_width=&#8221;1280px&#8221; custom_padding=&#8221;27px|0px|0|0px|false|false&#8221; use_custom_width=&#8221;on&#8221; custom_width_px=&#8221;1280px&#8221; global_colors_info=&#8221;{}&#8221;][et_pb_column type=&#8221;1_2&#8243; _builder_version=&#8221;4.16&#8243; custom_padding=&#8221;|||&#8221; global_colors_info=&#8221;{}&#8221; custom_padding__hover=&#8221;|||&#8221;][et_pb_image src=&#8221;https:\/\/comercmoble.com\/wp-content\/uploads\/2022\/04\/feria-de-yecla.jpg&#8221; alt=&#8221;fira iecla&#8221; title_text=&#8221;fira iecla&#8221; align_tablet=&#8221;center&#8221; align_phone=&#8221;&#8221; align_last_edited=&#8221;on|desktop&#8221; _builder_version=&#8221;4.17.0&#8243; max_width_tablet=&#8221;400px&#8221; max_width_phone=&#8221;200px&#8221; max_width_last_edited=&#8221;on|phone&#8221; module_alignment=&#8221;left&#8221; custom_margin=&#8221;||-14vw|&#8221; custom_margin_tablet=&#8221;||0vw|&#8221; custom_margin_phone=&#8221;&#8221; custom_margin_last_edited=&#8221;on|tablet&#8221; animation_style=&#8221;slide&#8221; animation_direction=&#8221;left&#8221; animation_intensity_slide=&#8221;2%&#8221; global_colors_info=&#8221;{}&#8221;][\/et_pb_image][\/et_pb_column][et_pb_column type=&#8221;1_2&#8243; _builder_version=&#8221;4.16&#8243; custom_padding=&#8221;|||&#8221; global_colors_info=&#8221;{}&#8221; custom_padding__hover=&#8221;|||&#8221;][et_pb_text _builder_version=&#8221;4.17.0&#8243; _dynamic_attributes=&#8221;content&#8221; text_font=&#8221;Montserrat||||||||&#8221; text_text_color=&#8221;#9D0C11&#8243; text_font_size=&#8221;35px&#8221; header_font=&#8221;Montserrat|300|||||||&#8221; header_font_size=&#8221;70px&#8221; header_line_height=&#8221;1.3em&#8221; header_font_size_tablet=&#8221;50px&#8221; header_font_size_phone=&#8221;40px&#8221; header_font_size_last_edited=&#8221;on|phone&#8221; global_colors_info=&#8221;{}&#8221;]@ET-DC@eyJkeW5hbWljIjp0cnVlLCJjb250ZW50IjoicG9zdF90aXRsZSIsInNldHRpbmdzIjp7ImJlZm9yZSI6IiIsImFmdGVyIjoiIn19@[\/et_pb_text][et_pb_text _builder_version=&#8221;4.18.0&#8243; text_font=&#8221;||||||||&#8221; text_font_size=&#8221;16px&#8221; text_line_height=&#8221;2.2em&#8221; hover_enabled=&#8221;0&#8243; global_colors_info=&#8221;{}&#8221; sticky_enabled=&#8221;0&#8243;]<\/p>\n<p>Al maig se va celebrar la 60 edici\u00f3 de la Fira del Moble de Iecla #FMYalmajoven.<\/p>\n<p>Aquesta edici\u00f3 de la FMI t\u00e9 \u00c0nima Jove, \u00e9s una aposta per les novetats del sector, la innovaci\u00f3 i el desenvolupament, un aparador per als nous talents i per a la tradici\u00f3 que aporta tota la seua experi\u00e8ncia.<\/p>\n<p>Una trobada din\u00e0mica i vitalista amb una oferta \u00fanica. \u00e9s que la FMI \u00e9s un certamen amb car\u00e0cter propi i una cita imprescindible per a descobrir-hi tend\u00e8ncies, crear relacions i enfortir aliances.<\/p>\n<p>Va tindre lloc del 24 al 27 de maig 2022 a Iecla, M\u00farcia.<\/p>\n<p>Mes info en:<a href=\"\/\/feriayecla.com\/%22\"> https:\/\/exporthome.exponor.pt\/<\/a><\/p>\n<p>[\/et_pb_text][\/et_pb_column][\/et_pb_row][\/et_pb_section][et_pb_section fb_built=&#8221;1&#8243; _builder_version=&#8221;4.16&#8243; _module_preset=&#8221;default&#8221; custom_padding=&#8221;271px|||||&#8221; global_colors_info=&#8221;{}&#8221;][et_pb_row _builder_version=&#8221;4.16&#8243; _module_preset=&#8221;default&#8221; global_colors_info=&#8221;{}&#8221;][et_pb_column type=&#8221;4_4&#8243; _builder_version=&#8221;4.16&#8243; _module_preset=&#8221;default&#8221; global_colors_info=&#8221;{}&#8221;][et_pb_text _builder_version=&#8221;4.16&#8243; text_font=&#8221;||||||||&#8221; header_font=&#8221;Montserrat|300|||||||&#8221; header_font_size=&#8221;70px&#8221; header_line_height=&#8221;1.3em&#8221; custom_margin=&#8221;||16px|||&#8221; header_font_size_tablet=&#8221;50px&#8221; header_font_size_phone=&#8221;40px&#8221; header_font_size_last_edited=&#8221;on|phone&#8221; locked=&#8221;off&#8221; global_colors_info=&#8221;{}&#8221;]<\/p>\n<h4>M\u00e1s projectes<\/h4>\n<p>[\/et_pb_text][et_pb_portfolio fullwidth=&#8221;off&#8221; include_categories=&#8221;114&#8243; _builder_version=&#8221;4.16&#8243; _module_preset=&#8221;default&#8221; global_colors_info=&#8221;{}&#8221;][\/et_pb_portfolio][\/et_pb_column][\/et_pb_row][\/et_pb_section]<\/p>\n","protected":false},"excerpt":{"rendered":"<p>Al maig se va celebrar la 60 edici\u00f3 de la Fira del Moble de Iecla #FMYalmajoven. Aquesta edici\u00f3 de la FMI t\u00e9 \u00c0nima Jove, \u00e9s una aposta per les novetats del sector, la innovaci\u00f3 i el desenvolupament, un aparador per als nous talents i per a la tradici\u00f3 que aporta tota la seua experi\u00e8ncia. Una [&hellip;]<\/p>\n","protected":false},"author":2,"featured_media":12555,"comment_status":"closed","ping_status":"closed","template":"","meta":{"_et_pb_use_builder":"on","_et_pb_old_content":"","_et_gb_content_width":"","footnotes":""},"project_category":[114,450],"project_tag":[],"class_list":["post-10726","project","type-project","status-publish","has-post-thumbnail","hentry","project_category-ferias-sectoriales","project_category-fires-sectorials-ca"],"yoast_head":"<!-- This site is optimized with the Yoast SEO plugin v27.4 - https:\/\/yoast.com\/product\/yoast-seo-wordpress\/ -->\n<title>Fira del Moble Iecla 2022 - Comer\u00e7 Moble<\/title>\n<meta name=\"description\" content=\"La Asociaci\u00f3n Comerc Moble estar\u00e1 presente en la Feria de Yecla del Mueble de 24 al 27 de mayo. M\u00e1s informaci\u00f3n en nuestra web.\" \/>\n<meta name=\"robots\" content=\"index, follow, max-snippet:-1, max-image-preview:large, max-video-preview:-1\" \/>\n<link rel=\"canonical\" href=\"https:\/\/comercmoble.com\/ca\/project\/fira-del-moble-iecla-2022\/\" \/>\n<meta property=\"og:locale\" content=\"en_US\" \/>\n<meta property=\"og:type\" content=\"article\" \/>\n<meta property=\"og:title\" content=\"Fira del Moble Iecla 2022 - Comer\u00e7 Moble\" \/>\n<meta property=\"og:description\" content=\"La Asociaci\u00f3n Comerc Moble estar\u00e1 presente en la Feria de Yecla del Mueble de 24 al 27 de mayo. M\u00e1s informaci\u00f3n en nuestra web.\" \/>\n<meta property=\"og:url\" content=\"https:\/\/comercmoble.com\/ca\/project\/fira-del-moble-iecla-2022\/\" \/>\n<meta property=\"og:site_name\" content=\"Comer\u00e7 Moble\" \/>\n<meta property=\"article:modified_time\" content=\"2022-10-13T14:33:50+00:00\" \/>\n<meta property=\"og:image\" content=\"https:\/\/comercmoble.com\/wp-content\/uploads\/2022\/04\/feria-de-yecla.jpg\" \/>\n\t<meta property=\"og:image:width\" content=\"800\" \/>\n\t<meta property=\"og:image:height\" content=\"600\" \/>\n\t<meta property=\"og:image:type\" content=\"image\/jpeg\" \/>\n<meta name=\"twitter:card\" content=\"summary_large_image\" \/>\n<meta name=\"twitter:label1\" content=\"Est. reading time\" \/>\n\t<meta name=\"twitter:data1\" content=\"1 minute\" \/>\n<script type=\"application\/ld+json\" class=\"yoast-schema-graph\">{\"@context\":\"https:\\\/\\\/schema.org\",\"@graph\":[{\"@type\":\"WebPage\",\"@id\":\"https:\\\/\\\/comercmoble.com\\\/ca\\\/project\\\/fira-del-moble-iecla-2022\\\/\",\"url\":\"https:\\\/\\\/comercmoble.com\\\/ca\\\/project\\\/fira-del-moble-iecla-2022\\\/\",\"name\":\"Fira del Moble Iecla 2022 - Comer\u00e7 Moble\",\"isPartOf\":{\"@id\":\"https:\\\/\\\/comercmoble.com\\\/ca\\\/#website\"},\"primaryImageOfPage\":{\"@id\":\"https:\\\/\\\/comercmoble.com\\\/ca\\\/project\\\/fira-del-moble-iecla-2022\\\/#primaryimage\"},\"image\":{\"@id\":\"https:\\\/\\\/comercmoble.com\\\/ca\\\/project\\\/fira-del-moble-iecla-2022\\\/#primaryimage\"},\"thumbnailUrl\":\"https:\\\/\\\/comercmoble.com\\\/wp-content\\\/uploads\\\/2026\\\/04\\\/feria-yecla-2026.jpg\",\"datePublished\":\"2022-10-13T14:26:17+00:00\",\"dateModified\":\"2022-10-13T14:33:50+00:00\",\"description\":\"La Asociaci\u00f3n Comerc Moble estar\u00e1 presente en la Feria de Yecla del Mueble de 24 al 27 de mayo. M\u00e1s informaci\u00f3n en nuestra web.\",\"breadcrumb\":{\"@id\":\"https:\\\/\\\/comercmoble.com\\\/ca\\\/project\\\/fira-del-moble-iecla-2022\\\/#breadcrumb\"},\"inLanguage\":\"va-VA\",\"potentialAction\":[{\"@type\":\"ReadAction\",\"target\":[\"https:\\\/\\\/comercmoble.com\\\/ca\\\/project\\\/fira-del-moble-iecla-2022\\\/\"]}]},{\"@type\":\"ImageObject\",\"inLanguage\":\"va-VA\",\"@id\":\"https:\\\/\\\/comercmoble.com\\\/ca\\\/project\\\/fira-del-moble-iecla-2022\\\/#primaryimage\",\"url\":\"https:\\\/\\\/comercmoble.com\\\/wp-content\\\/uploads\\\/2026\\\/04\\\/feria-yecla-2026.jpg\",\"contentUrl\":\"https:\\\/\\\/comercmoble.com\\\/wp-content\\\/uploads\\\/2026\\\/04\\\/feria-yecla-2026.jpg\",\"width\":1080,\"height\":1080,\"caption\":\"feria de yecla 2026\"},{\"@type\":\"BreadcrumbList\",\"@id\":\"https:\\\/\\\/comercmoble.com\\\/ca\\\/project\\\/fira-del-moble-iecla-2022\\\/#breadcrumb\",\"itemListElement\":[{\"@type\":\"ListItem\",\"position\":1,\"name\":\"Inicio\",\"item\":\"https:\\\/\\\/comercmoble.com\\\/\"},{\"@type\":\"ListItem\",\"position\":2,\"name\":\"Proyectos\",\"item\":\"https:\\\/\\\/comercmoble.com\\\/project\\\/\"},{\"@type\":\"ListItem\",\"position\":3,\"name\":\"Fires sectorials\",\"item\":\"https:\\\/\\\/comercmoble.com\\\/ca\\\/project_category\\\/fires-sectorials-ca\\\/\"},{\"@type\":\"ListItem\",\"position\":4,\"name\":\"Fira del Moble Iecla 2022\"}]},{\"@type\":\"WebSite\",\"@id\":\"https:\\\/\\\/comercmoble.com\\\/ca\\\/#website\",\"url\":\"https:\\\/\\\/comercmoble.com\\\/ca\\\/\",\"name\":\"Comer\u00e7 Moble\",\"description\":\"Asociaci\u00f3n de Comercios del Muebles de la Comunidad Valencia\",\"publisher\":{\"@id\":\"https:\\\/\\\/comercmoble.com\\\/ca\\\/#organization\"},\"potentialAction\":[{\"@type\":\"SearchAction\",\"target\":{\"@type\":\"EntryPoint\",\"urlTemplate\":\"https:\\\/\\\/comercmoble.com\\\/ca\\\/?s={search_term_string}\"},\"query-input\":{\"@type\":\"PropertyValueSpecification\",\"valueRequired\":true,\"valueName\":\"search_term_string\"}}],\"inLanguage\":\"va-VA\"},{\"@type\":\"Organization\",\"@id\":\"https:\\\/\\\/comercmoble.com\\\/ca\\\/#organization\",\"name\":\"ASOCIACI\u00d3N PARA LA DISTRIBUCI\u00d3N Y COMERCIO DEL H\u00c1BITAT DE LA COMUNIDAD VALENCIANA\",\"url\":\"https:\\\/\\\/comercmoble.com\\\/ca\\\/\",\"logo\":{\"@type\":\"ImageObject\",\"inLanguage\":\"va-VA\",\"@id\":\"https:\\\/\\\/comercmoble.com\\\/ca\\\/#\\\/schema\\\/logo\\\/image\\\/\",\"url\":\"https:\\\/\\\/comercmoble.com\\\/wp-content\\\/uploads\\\/2018\\\/11\\\/logo.png\",\"contentUrl\":\"https:\\\/\\\/comercmoble.com\\\/wp-content\\\/uploads\\\/2018\\\/11\\\/logo.png\",\"width\":213,\"height\":67,\"caption\":\"ASOCIACI\u00d3N PARA LA DISTRIBUCI\u00d3N Y COMERCIO DEL H\u00c1BITAT DE LA COMUNIDAD VALENCIANA\"},\"image\":{\"@id\":\"https:\\\/\\\/comercmoble.com\\\/ca\\\/#\\\/schema\\\/logo\\\/image\\\/\"}}]}<\/script>\n<!-- \/ Yoast SEO plugin. -->","yoast_head_json":{"title":"Fira del Moble Iecla 2022 - Comer\u00e7 Moble","description":"La Asociaci\u00f3n Comerc Moble estar\u00e1 presente en la Feria de Yecla del Mueble de 24 al 27 de mayo. M\u00e1s informaci\u00f3n en nuestra web.","robots":{"index":"index","follow":"follow","max-snippet":"max-snippet:-1","max-image-preview":"max-image-preview:large","max-video-preview":"max-video-preview:-1"},"canonical":"https:\/\/comercmoble.com\/ca\/project\/fira-del-moble-iecla-2022\/","og_locale":"en_US","og_type":"article","og_title":"Fira del Moble Iecla 2022 - Comer\u00e7 Moble","og_description":"La Asociaci\u00f3n Comerc Moble estar\u00e1 presente en la Feria de Yecla del Mueble de 24 al 27 de mayo. M\u00e1s informaci\u00f3n en nuestra web.","og_url":"https:\/\/comercmoble.com\/ca\/project\/fira-del-moble-iecla-2022\/","og_site_name":"Comer\u00e7 Moble","article_modified_time":"2022-10-13T14:33:50+00:00","og_image":[{"width":800,"height":600,"url":"https:\/\/comercmoble.com\/wp-content\/uploads\/2022\/04\/feria-de-yecla.jpg","type":"image\/jpeg"}],"twitter_card":"summary_large_image","twitter_misc":{"Est. reading time":"1 minute"},"schema":{"@context":"https:\/\/schema.org","@graph":[{"@type":"WebPage","@id":"https:\/\/comercmoble.com\/ca\/project\/fira-del-moble-iecla-2022\/","url":"https:\/\/comercmoble.com\/ca\/project\/fira-del-moble-iecla-2022\/","name":"Fira del Moble Iecla 2022 - Comer\u00e7 Moble","isPartOf":{"@id":"https:\/\/comercmoble.com\/ca\/#website"},"primaryImageOfPage":{"@id":"https:\/\/comercmoble.com\/ca\/project\/fira-del-moble-iecla-2022\/#primaryimage"},"image":{"@id":"https:\/\/comercmoble.com\/ca\/project\/fira-del-moble-iecla-2022\/#primaryimage"},"thumbnailUrl":"https:\/\/comercmoble.com\/wp-content\/uploads\/2026\/04\/feria-yecla-2026.jpg","datePublished":"2022-10-13T14:26:17+00:00","dateModified":"2022-10-13T14:33:50+00:00","description":"La Asociaci\u00f3n Comerc Moble estar\u00e1 presente en la Feria de Yecla del Mueble de 24 al 27 de mayo. M\u00e1s informaci\u00f3n en nuestra web.","breadcrumb":{"@id":"https:\/\/comercmoble.com\/ca\/project\/fira-del-moble-iecla-2022\/#breadcrumb"},"inLanguage":"va-VA","potentialAction":[{"@type":"ReadAction","target":["https:\/\/comercmoble.com\/ca\/project\/fira-del-moble-iecla-2022\/"]}]},{"@type":"ImageObject","inLanguage":"va-VA","@id":"https:\/\/comercmoble.com\/ca\/project\/fira-del-moble-iecla-2022\/#primaryimage","url":"https:\/\/comercmoble.com\/wp-content\/uploads\/2026\/04\/feria-yecla-2026.jpg","contentUrl":"https:\/\/comercmoble.com\/wp-content\/uploads\/2026\/04\/feria-yecla-2026.jpg","width":1080,"height":1080,"caption":"feria de yecla 2026"},{"@type":"BreadcrumbList","@id":"https:\/\/comercmoble.com\/ca\/project\/fira-del-moble-iecla-2022\/#breadcrumb","itemListElement":[{"@type":"ListItem","position":1,"name":"Inicio","item":"https:\/\/comercmoble.com\/"},{"@type":"ListItem","position":2,"name":"Proyectos","item":"https:\/\/comercmoble.com\/project\/"},{"@type":"ListItem","position":3,"name":"Fires sectorials","item":"https:\/\/comercmoble.com\/ca\/project_category\/fires-sectorials-ca\/"},{"@type":"ListItem","position":4,"name":"Fira del Moble Iecla 2022"}]},{"@type":"WebSite","@id":"https:\/\/comercmoble.com\/ca\/#website","url":"https:\/\/comercmoble.com\/ca\/","name":"Comer\u00e7 Moble","description":"Asociaci\u00f3n de Comercios del Muebles de la Comunidad Valencia","publisher":{"@id":"https:\/\/comercmoble.com\/ca\/#organization"},"potentialAction":[{"@type":"SearchAction","target":{"@type":"EntryPoint","urlTemplate":"https:\/\/comercmoble.com\/ca\/?s={search_term_string}"},"query-input":{"@type":"PropertyValueSpecification","valueRequired":true,"valueName":"search_term_string"}}],"inLanguage":"va-VA"},{"@type":"Organization","@id":"https:\/\/comercmoble.com\/ca\/#organization","name":"ASOCIACI\u00d3N PARA LA DISTRIBUCI\u00d3N Y COMERCIO DEL H\u00c1BITAT DE LA COMUNIDAD VALENCIANA","url":"https:\/\/comercmoble.com\/ca\/","logo":{"@type":"ImageObject","inLanguage":"va-VA","@id":"https:\/\/comercmoble.com\/ca\/#\/schema\/logo\/image\/","url":"https:\/\/comercmoble.com\/wp-content\/uploads\/2018\/11\/logo.png","contentUrl":"https:\/\/comercmoble.com\/wp-content\/uploads\/2018\/11\/logo.png","width":213,"height":67,"caption":"ASOCIACI\u00d3N PARA LA DISTRIBUCI\u00d3N Y COMERCIO DEL H\u00c1BITAT DE LA COMUNIDAD VALENCIANA"},"image":{"@id":"https:\/\/comercmoble.com\/ca\/#\/schema\/logo\/image\/"}}]}},"_links":{"self":[{"href":"https:\/\/comercmoble.com\/ca\/wp-json\/wp\/v2\/project\/10726","targetHints":{"allow":["GET"]}}],"collection":[{"href":"https:\/\/comercmoble.com\/ca\/wp-json\/wp\/v2\/project"}],"about":[{"href":"https:\/\/comercmoble.com\/ca\/wp-json\/wp\/v2\/types\/project"}],"author":[{"embeddable":true,"href":"https:\/\/comercmoble.com\/ca\/wp-json\/wp\/v2\/users\/2"}],"replies":[{"embeddable":true,"href":"https:\/\/comercmoble.com\/ca\/wp-json\/wp\/v2\/comments?post=10726"}],"version-history":[{"count":4,"href":"https:\/\/comercmoble.com\/ca\/wp-json\/wp\/v2\/project\/10726\/revisions"}],"predecessor-version":[{"id":10731,"href":"https:\/\/comercmoble.com\/ca\/wp-json\/wp\/v2\/project\/10726\/revisions\/10731"}],"wp:featuredmedia":[{"embeddable":true,"href":"https:\/\/comercmoble.com\/ca\/wp-json\/wp\/v2\/media\/12555"}],"wp:attachment":[{"href":"https:\/\/comercmoble.com\/ca\/wp-json\/wp\/v2\/media?parent=10726"}],"wp:term":[{"taxonomy":"project_category","embeddable":true,"href":"https:\/\/comercmoble.com\/ca\/wp-json\/wp\/v2\/project_category?post=10726"},{"taxonomy":"project_tag","embeddable":true,"href":"https:\/\/comercmoble.com\/ca\/wp-json\/wp\/v2\/project_tag?post=10726"}],"curies":[{"name":"wp","href":"https:\/\/api.w.org\/{rel}","templated":true}]}}