{"id":4418,"date":"2021-06-04T11:35:06","date_gmt":"2021-06-04T09:35:06","guid":{"rendered":"https:\/\/comercmoble.com\/avantatges-per-a-la-teua-botiga"},"modified":"2021-11-03T11:39:25","modified_gmt":"2021-11-03T10:39:25","slug":"avantatges-per-a-la-teua-botiga","status":"publish","type":"page","link":"https:\/\/comercmoble.com\/ca\/avantatges-per-a-la-teua-botiga\/","title":{"rendered":"Avantatges per a la teua botiga"},"content":{"rendered":"<p>[et_pb_section fb_built=&#8221;1&#8243; admin_label=&#8221;section&#8221; _builder_version=&#8221;3.22&#8243;][et_pb_row _builder_version=&#8221;4.9.3&#8243; _module_preset=&#8221;default&#8221; locked=&#8221;off&#8221;][et_pb_column type=&#8221;4_4&#8243; _builder_version=&#8221;4.9.3&#8243; _module_preset=&#8221;default&#8221;][et_pb_post_title meta=&#8221;off&#8221; featured_image=&#8221;off&#8221; _builder_version=&#8221;4.9.3&#8243; _module_preset=&#8221;default&#8221; title_text_align=&#8221;center&#8221; title_text_color=&#8221;#9D0C11&#8243; title_font_size=&#8221;61px&#8221; title_font_size_tablet=&#8221;&#8221; title_font_size_phone=&#8221;37px&#8221; title_font_size_last_edited=&#8221;on|phone&#8221;][\/et_pb_post_title][et_pb_text _builder_version=&#8221;4.9.3&#8243; _module_preset=&#8221;default&#8221;]<\/p>\n<div class=%22vc_row wpb_row vc_row-fluid padtop80%22>\n<div class=%22wpb_column vc_column_container vc_col-sm-12%22>\n<div class=%22vc_column-inner %22>\n<div class=%22wpb_wrapper%22>\n<div class=%22section-title %22>\n<div class=%22text-center%22>\n<h2 class=%22subtitle%22 style=%22text-align: center;%22><em>Estar en Comer\u00e7moble et proporcionar\u00e0 eines per a millorar i guanyar mercat<\/em><\/h2>\n<\/div>\n<\/div>\n<\/div>\n<\/div>\n<\/div>\n<\/div>\n<div class=%22vc_row wpb_row vc_row-fluid padbottom60%22>\n<div class=%22wpb_column vc_column_container vc_col-sm-12%22>\n<div class=%22vc_column-inner %22>\n<div class=%22wpb_wrapper%22>\n<div class=%22wpb_text_column wpb_content_element %22>\n<div class=%22wpb_wrapper%22> <\/div>\n<\/div>\n<\/div>\n<\/div>\n<\/div>\n<\/div>\n<p>[\/et_pb_text][\/et_pb_column][\/et_pb_row][et_pb_row column_structure=&#8221;1_3,2_3&#8243; admin_label=&#8221;row&#8221; _builder_version=&#8221;3.25&#8243; background_size=&#8221;initial&#8221; background_position=&#8221;top_left&#8221; background_repeat=&#8221;repeat&#8221;][et_pb_column type=&#8221;1_3&#8243; _builder_version=&#8221;3.25&#8243; custom_padding=&#8221;|||&#8221; custom_padding__hover=&#8221;|||&#8221;][et_pb_image src=&#8221;https:\/\/comercmoble.com\/wp-content\/uploads\/2021\/04\/VENTAJAS-PARA-LA-TIENDA.jpg&#8221; alt=&#8221;AVANTATGES PER A LA BOTIGA&#8221; title_text=&#8221;AVANTATGES PER A LA BOTIGA&#8221; _builder_version=&#8221;4.9.3&#8243; _module_preset=&#8221;default&#8221;][\/et_pb_image][\/et_pb_column][et_pb_column type=&#8221;2_3&#8243; _builder_version=&#8221;3.25&#8243; custom_padding=&#8221;|||&#8221; custom_padding__hover=&#8221;|||&#8221;][et_pb_text admin_label=&#8221;Text&#8221; _builder_version=&#8221;4.9.3&#8243; background_size=&#8221;initial&#8221; background_position=&#8221;top_left&#8221; background_repeat=&#8221;repeat&#8221;]<\/p>\n<p style=%22text-align: left;%22><strong><span style=%22color: #800000;%22>\u2714<\/span> Et mantindr\u00e0s informat<\/strong> de tot el concernent al sector<\/p>\n<p style=%22text-align: left;%22><strong><span style=%22color: #800000;%22>\u2714<\/span> Formar\u00e0s part d&#8217;una xarxa<\/strong>representativa de botigues i per tant estar\u00e0s ajudant a definir el sector en el futur quant a serveis I prestacions&#8230;<\/p>\n<p style=%22text-align: left;%22><strong><span style=%22color: #800000;%22>\u2714<\/span><\/strong>Tamb\u00e9 estar\u00e0s al dia en la <strong>firma de convenis laborals<\/strong> i altres que t&#8217;afecten directament, convenis d&#8217;horaris comercials, plans sectorials, relaci\u00f3 amb la Generalitat i els Ajuntaments, representaci\u00f3 en CECOVAL, i en el Ministeri de Comer\u00e7.<\/p>\n<p style=%22text-align: left;%22><strong><span style=%22color: #800000;%22>\u2714<\/span><\/strong>Aconseguir\u00e0s <strong>avantatges en serveis<\/strong> del dia a dia a trav\u00e9s dels nostres convenis:<\/p>\n<p style=%22text-align: left;%22>\u2022 Convenis <strong>financers<\/strong> de millora de finan\u00e7ament amb la banca.<br \/>\u2022 Convenis d<strong>&#8216;assegurances<\/strong> per a tu i la teua empresa.<br \/>\u2022 Convenis per al<strong>mantenimen<\/strong>t d&#8217;instal\u00b7lacions, extintors.<br \/>\u2022 Convenis de <strong>muntatge<\/strong>de mobles a l&#8217;estranger i en la resta de zones d&#8217;Espanya.<br \/>\u2022 Conveni <strong>d&#8217;assist\u00e8ncia<\/strong>a fires a preus redu\u00efts<\/p>\n<p style=%22text-align: left;%22><strong><span style=%22color: #800000;%22>\u2714<\/span><\/strong>Hui dia \u00e9s molt important el mantindre en condicions la teua <strong>Pres\u00e8ncia Online<\/strong> per aix\u00f2 tamb\u00e9 t&#8217;oferim:<\/p>\n<p style=%22text-align: left;%22>\u2022 Servei <strong>d&#8217;assessoria<\/strong><b>comercial <\/b>lowcost<br \/>\u2022 Servei de p\u00e0gina web, manteniment de xarxes socials i posicionament amb preus redu\u00efts<br \/>\u2022 Servei de venda en l\u00ednia assessorat. Posada en marxa de <strong>botiga online.<\/strong><br \/>\u2022 Servei de control d&#8217;imatge de botiga i Mistery Shopper que t&#8217;ajudar\u00e0n a millorar<\/p>\n<p style=%22text-align: left;%22><strong><span style=%22color: #800000;%22>\u2714<\/span><\/strong>Aquests serveis pot ser en molts casos <strong>subvencionat per organismes p\u00fablics.<\/strong><\/p>\n<p>&nbsp;<\/p>\n<p>[\/et_pb_text][\/et_pb_column][\/et_pb_row][et_pb_row _builder_version=&#8221;4.9.3&#8243; _module_preset=&#8221;default&#8221; locked=&#8221;off&#8221;][et_pb_column type=&#8221;4_4&#8243; _builder_version=&#8221;4.9.3&#8243; _module_preset=&#8221;default&#8221;][et_pb_button button_url=&#8221;https:\/\/comercmoble.com\/ca\/contacte\/&#8221; button_text=&#8221;ASSOCIA&#8217;T&#8221; button_alignment=&#8221;center&#8221; _builder_version=&#8221;4.9.3&#8243; _module_preset=&#8221;default&#8221;][\/et_pb_button][\/et_pb_column][\/et_pb_row][et_pb_row _builder_version=&#8221;4.9.3&#8243; _module_preset=&#8221;default&#8221;][et_pb_column type=&#8221;4_4&#8243; _builder_version=&#8221;4.9.3&#8243; _module_preset=&#8221;default&#8221;][et_pb_text _builder_version=&#8221;4.9.3&#8243; _module_preset=&#8221;default&#8221; hover_enabled=&#8221;0&#8243; sticky_enabled=&#8221;0&#8243;]<\/p>\n<p style=%22text-align: center;%22>No et perdes: <a href=%22https:\/\/comercmoble.com\/ca\/avantatges-per-al-col%c2%b7lectiu-del-moble\/%22 data-wplink-url-error=%22true%22>Avantatges per al col\u00b7lectiu<\/a><\/p>\n<p>[\/et_pb_text][\/et_pb_column][\/et_pb_row][\/et_pb_section]<\/p>\n","protected":false},"excerpt":{"rendered":"<p>Estar en Comer\u00e7moble et proporcionar\u00e0 eines per a millorar i guanyar mercat \u2714 Et mantindr\u00e0s informat de tot el concernent al sector \u2714 Formar\u00e0s part d&#8217;una xarxarepresentativa de botigues i per tant estar\u00e0s ajudant a definir el sector en el futur quant a serveis I prestacions&#8230; \u2714Tamb\u00e9 estar\u00e0s al dia en la firma de convenis [&hellip;]<\/p>\n","protected":false},"author":230,"featured_media":4277,"parent":0,"menu_order":0,"comment_status":"closed","ping_status":"closed","template":"","meta":{"_et_pb_use_builder":"on","_et_pb_old_content":"","_et_gb_content_width":"","footnotes":""},"class_list":["post-4418","page","type-page","status-publish","has-post-thumbnail","hentry"],"yoast_head":"<!-- This site is optimized with the Yoast SEO plugin v27.4 - https:\/\/yoast.com\/product\/yoast-seo-wordpress\/ -->\n<title>Avantatges per a la teua botiga - Comer\u00e7 Moble<\/title>\n<meta name=\"description\" content=\"Estar en Comer\u00e7moble et proporcionar\u00e0 clars avantatges per a la teua botiga i eines per a millorar i guanyar mercat.\" \/>\n<meta name=\"robots\" content=\"index, follow, max-snippet:-1, max-image-preview:large, max-video-preview:-1\" \/>\n<link rel=\"canonical\" href=\"https:\/\/comercmoble.com\/ca\/avantatges-per-a-la-teua-botiga\/\" \/>\n<meta property=\"og:locale\" content=\"en_US\" \/>\n<meta property=\"og:type\" content=\"article\" \/>\n<meta property=\"og:title\" content=\"Avantatges per a la teua botiga - Comer\u00e7 Moble\" \/>\n<meta property=\"og:description\" content=\"Estar en Comer\u00e7moble et proporcionar\u00e0 clars avantatges per a la teua botiga i eines per a millorar i guanyar mercat.\" \/>\n<meta property=\"og:url\" content=\"https:\/\/comercmoble.com\/ca\/avantatges-per-a-la-teua-botiga\/\" \/>\n<meta property=\"og:site_name\" content=\"Comer\u00e7 Moble\" \/>\n<meta property=\"article:modified_time\" content=\"2021-11-03T10:39:25+00:00\" \/>\n<meta property=\"og:image\" content=\"https:\/\/comercmoble.com\/wp-content\/uploads\/2021\/04\/VENTAJAS-PARA-LA-TIENDA.jpg\" \/>\n\t<meta property=\"og:image:width\" content=\"626\" \/>\n\t<meta property=\"og:image:height\" content=\"417\" \/>\n\t<meta property=\"og:image:type\" content=\"image\/jpeg\" \/>\n<meta name=\"twitter:card\" content=\"summary_large_image\" \/>\n<meta name=\"twitter:label1\" content=\"Est. reading time\" \/>\n\t<meta name=\"twitter:data1\" content=\"3 minutes\" \/>\n<script type=\"application\/ld+json\" class=\"yoast-schema-graph\">{\"@context\":\"https:\\\/\\\/schema.org\",\"@graph\":[{\"@type\":\"WebPage\",\"@id\":\"https:\\\/\\\/comercmoble.com\\\/ca\\\/avantatges-per-a-la-teua-botiga\\\/\",\"url\":\"https:\\\/\\\/comercmoble.com\\\/ca\\\/avantatges-per-a-la-teua-botiga\\\/\",\"name\":\"Avantatges per a la teua botiga - Comer\u00e7 Moble\",\"isPartOf\":{\"@id\":\"https:\\\/\\\/comercmoble.com\\\/ca\\\/#website\"},\"primaryImageOfPage\":{\"@id\":\"https:\\\/\\\/comercmoble.com\\\/ca\\\/avantatges-per-a-la-teua-botiga\\\/#primaryimage\"},\"image\":{\"@id\":\"https:\\\/\\\/comercmoble.com\\\/ca\\\/avantatges-per-a-la-teua-botiga\\\/#primaryimage\"},\"thumbnailUrl\":\"https:\\\/\\\/comercmoble.com\\\/wp-content\\\/uploads\\\/2021\\\/04\\\/VENTAJAS-PARA-LA-TIENDA.jpg\",\"datePublished\":\"2021-06-04T09:35:06+00:00\",\"dateModified\":\"2021-11-03T10:39:25+00:00\",\"description\":\"Estar en Comer\u00e7moble et proporcionar\u00e0 clars avantatges per a la teua botiga i eines per a millorar i guanyar mercat.\",\"breadcrumb\":{\"@id\":\"https:\\\/\\\/comercmoble.com\\\/ca\\\/avantatges-per-a-la-teua-botiga\\\/#breadcrumb\"},\"inLanguage\":\"va-VA\",\"potentialAction\":[{\"@type\":\"ReadAction\",\"target\":[\"https:\\\/\\\/comercmoble.com\\\/ca\\\/avantatges-per-a-la-teua-botiga\\\/\"]}]},{\"@type\":\"ImageObject\",\"inLanguage\":\"va-VA\",\"@id\":\"https:\\\/\\\/comercmoble.com\\\/ca\\\/avantatges-per-a-la-teua-botiga\\\/#primaryimage\",\"url\":\"https:\\\/\\\/comercmoble.com\\\/wp-content\\\/uploads\\\/2021\\\/04\\\/VENTAJAS-PARA-LA-TIENDA.jpg\",\"contentUrl\":\"https:\\\/\\\/comercmoble.com\\\/wp-content\\\/uploads\\\/2021\\\/04\\\/VENTAJAS-PARA-LA-TIENDA.jpg\",\"width\":626,\"height\":417},{\"@type\":\"BreadcrumbList\",\"@id\":\"https:\\\/\\\/comercmoble.com\\\/ca\\\/avantatges-per-a-la-teua-botiga\\\/#breadcrumb\",\"itemListElement\":[{\"@type\":\"ListItem\",\"position\":1,\"name\":\"Inicio\",\"item\":\"https:\\\/\\\/comercmoble.com\\\/\"},{\"@type\":\"ListItem\",\"position\":2,\"name\":\"Avantatges per a la teua botiga\"}]},{\"@type\":\"WebSite\",\"@id\":\"https:\\\/\\\/comercmoble.com\\\/ca\\\/#website\",\"url\":\"https:\\\/\\\/comercmoble.com\\\/ca\\\/\",\"name\":\"Comer\u00e7 Moble\",\"description\":\"Asociaci\u00f3n de Comercios del Muebles de la Comunidad Valencia\",\"publisher\":{\"@id\":\"https:\\\/\\\/comercmoble.com\\\/ca\\\/#organization\"},\"potentialAction\":[{\"@type\":\"SearchAction\",\"target\":{\"@type\":\"EntryPoint\",\"urlTemplate\":\"https:\\\/\\\/comercmoble.com\\\/ca\\\/?s={search_term_string}\"},\"query-input\":{\"@type\":\"PropertyValueSpecification\",\"valueRequired\":true,\"valueName\":\"search_term_string\"}}],\"inLanguage\":\"va-VA\"},{\"@type\":\"Organization\",\"@id\":\"https:\\\/\\\/comercmoble.com\\\/ca\\\/#organization\",\"name\":\"ASOCIACI\u00d3N PARA LA DISTRIBUCI\u00d3N Y COMERCIO DEL H\u00c1BITAT DE LA COMUNIDAD VALENCIANA\",\"url\":\"https:\\\/\\\/comercmoble.com\\\/ca\\\/\",\"logo\":{\"@type\":\"ImageObject\",\"inLanguage\":\"va-VA\",\"@id\":\"https:\\\/\\\/comercmoble.com\\\/ca\\\/#\\\/schema\\\/logo\\\/image\\\/\",\"url\":\"https:\\\/\\\/comercmoble.com\\\/wp-content\\\/uploads\\\/2018\\\/11\\\/logo.png\",\"contentUrl\":\"https:\\\/\\\/comercmoble.com\\\/wp-content\\\/uploads\\\/2018\\\/11\\\/logo.png\",\"width\":213,\"height\":67,\"caption\":\"ASOCIACI\u00d3N PARA LA DISTRIBUCI\u00d3N Y COMERCIO DEL H\u00c1BITAT DE LA COMUNIDAD VALENCIANA\"},\"image\":{\"@id\":\"https:\\\/\\\/comercmoble.com\\\/ca\\\/#\\\/schema\\\/logo\\\/image\\\/\"}}]}<\/script>\n<!-- \/ Yoast SEO plugin. -->","yoast_head_json":{"title":"Avantatges per a la teua botiga - Comer\u00e7 Moble","description":"Estar en Comer\u00e7moble et proporcionar\u00e0 clars avantatges per a la teua botiga i eines per a millorar i guanyar mercat.","robots":{"index":"index","follow":"follow","max-snippet":"max-snippet:-1","max-image-preview":"max-image-preview:large","max-video-preview":"max-video-preview:-1"},"canonical":"https:\/\/comercmoble.com\/ca\/avantatges-per-a-la-teua-botiga\/","og_locale":"en_US","og_type":"article","og_title":"Avantatges per a la teua botiga - Comer\u00e7 Moble","og_description":"Estar en Comer\u00e7moble et proporcionar\u00e0 clars avantatges per a la teua botiga i eines per a millorar i guanyar mercat.","og_url":"https:\/\/comercmoble.com\/ca\/avantatges-per-a-la-teua-botiga\/","og_site_name":"Comer\u00e7 Moble","article_modified_time":"2021-11-03T10:39:25+00:00","og_image":[{"width":626,"height":417,"url":"https:\/\/comercmoble.com\/wp-content\/uploads\/2021\/04\/VENTAJAS-PARA-LA-TIENDA.jpg","type":"image\/jpeg"}],"twitter_card":"summary_large_image","twitter_misc":{"Est. reading time":"3 minutes"},"schema":{"@context":"https:\/\/schema.org","@graph":[{"@type":"WebPage","@id":"https:\/\/comercmoble.com\/ca\/avantatges-per-a-la-teua-botiga\/","url":"https:\/\/comercmoble.com\/ca\/avantatges-per-a-la-teua-botiga\/","name":"Avantatges per a la teua botiga - Comer\u00e7 Moble","isPartOf":{"@id":"https:\/\/comercmoble.com\/ca\/#website"},"primaryImageOfPage":{"@id":"https:\/\/comercmoble.com\/ca\/avantatges-per-a-la-teua-botiga\/#primaryimage"},"image":{"@id":"https:\/\/comercmoble.com\/ca\/avantatges-per-a-la-teua-botiga\/#primaryimage"},"thumbnailUrl":"https:\/\/comercmoble.com\/wp-content\/uploads\/2021\/04\/VENTAJAS-PARA-LA-TIENDA.jpg","datePublished":"2021-06-04T09:35:06+00:00","dateModified":"2021-11-03T10:39:25+00:00","description":"Estar en Comer\u00e7moble et proporcionar\u00e0 clars avantatges per a la teua botiga i eines per a millorar i guanyar mercat.","breadcrumb":{"@id":"https:\/\/comercmoble.com\/ca\/avantatges-per-a-la-teua-botiga\/#breadcrumb"},"inLanguage":"va-VA","potentialAction":[{"@type":"ReadAction","target":["https:\/\/comercmoble.com\/ca\/avantatges-per-a-la-teua-botiga\/"]}]},{"@type":"ImageObject","inLanguage":"va-VA","@id":"https:\/\/comercmoble.com\/ca\/avantatges-per-a-la-teua-botiga\/#primaryimage","url":"https:\/\/comercmoble.com\/wp-content\/uploads\/2021\/04\/VENTAJAS-PARA-LA-TIENDA.jpg","contentUrl":"https:\/\/comercmoble.com\/wp-content\/uploads\/2021\/04\/VENTAJAS-PARA-LA-TIENDA.jpg","width":626,"height":417},{"@type":"BreadcrumbList","@id":"https:\/\/comercmoble.com\/ca\/avantatges-per-a-la-teua-botiga\/#breadcrumb","itemListElement":[{"@type":"ListItem","position":1,"name":"Inicio","item":"https:\/\/comercmoble.com\/"},{"@type":"ListItem","position":2,"name":"Avantatges per a la teua botiga"}]},{"@type":"WebSite","@id":"https:\/\/comercmoble.com\/ca\/#website","url":"https:\/\/comercmoble.com\/ca\/","name":"Comer\u00e7 Moble","description":"Asociaci\u00f3n de Comercios del Muebles de la Comunidad Valencia","publisher":{"@id":"https:\/\/comercmoble.com\/ca\/#organization"},"potentialAction":[{"@type":"SearchAction","target":{"@type":"EntryPoint","urlTemplate":"https:\/\/comercmoble.com\/ca\/?s={search_term_string}"},"query-input":{"@type":"PropertyValueSpecification","valueRequired":true,"valueName":"search_term_string"}}],"inLanguage":"va-VA"},{"@type":"Organization","@id":"https:\/\/comercmoble.com\/ca\/#organization","name":"ASOCIACI\u00d3N PARA LA DISTRIBUCI\u00d3N Y COMERCIO DEL H\u00c1BITAT DE LA COMUNIDAD VALENCIANA","url":"https:\/\/comercmoble.com\/ca\/","logo":{"@type":"ImageObject","inLanguage":"va-VA","@id":"https:\/\/comercmoble.com\/ca\/#\/schema\/logo\/image\/","url":"https:\/\/comercmoble.com\/wp-content\/uploads\/2018\/11\/logo.png","contentUrl":"https:\/\/comercmoble.com\/wp-content\/uploads\/2018\/11\/logo.png","width":213,"height":67,"caption":"ASOCIACI\u00d3N PARA LA DISTRIBUCI\u00d3N Y COMERCIO DEL H\u00c1BITAT DE LA COMUNIDAD VALENCIANA"},"image":{"@id":"https:\/\/comercmoble.com\/ca\/#\/schema\/logo\/image\/"}}]}},"_links":{"self":[{"href":"https:\/\/comercmoble.com\/ca\/wp-json\/wp\/v2\/pages\/4418","targetHints":{"allow":["GET"]}}],"collection":[{"href":"https:\/\/comercmoble.com\/ca\/wp-json\/wp\/v2\/pages"}],"about":[{"href":"https:\/\/comercmoble.com\/ca\/wp-json\/wp\/v2\/types\/page"}],"author":[{"embeddable":true,"href":"https:\/\/comercmoble.com\/ca\/wp-json\/wp\/v2\/users\/230"}],"replies":[{"embeddable":true,"href":"https:\/\/comercmoble.com\/ca\/wp-json\/wp\/v2\/comments?post=4418"}],"version-history":[{"count":7,"href":"https:\/\/comercmoble.com\/ca\/wp-json\/wp\/v2\/pages\/4418\/revisions"}],"predecessor-version":[{"id":8491,"href":"https:\/\/comercmoble.com\/ca\/wp-json\/wp\/v2\/pages\/4418\/revisions\/8491"}],"wp:featuredmedia":[{"embeddable":true,"href":"https:\/\/comercmoble.com\/ca\/wp-json\/wp\/v2\/media\/4277"}],"wp:attachment":[{"href":"https:\/\/comercmoble.com\/ca\/wp-json\/wp\/v2\/media?parent=4418"}],"curies":[{"name":"wp","href":"https:\/\/api.w.org\/{rel}","templated":true}]}}