{"id":4323,"date":"2021-06-04T10:21:50","date_gmt":"2021-06-04T08:21:50","guid":{"rendered":"https:\/\/comercmoble.com\/projectes"},"modified":"2022-10-14T15:24:40","modified_gmt":"2022-10-14T13:24:40","slug":"projectes","status":"publish","type":"page","link":"https:\/\/comercmoble.com\/ca\/projectes\/","title":{"rendered":"Projectes"},"content":{"rendered":"<p>[et_pb_section fb_built=&#8221;1&#8243; _builder_version=&#8221;4.16&#8243; _module_preset=&#8221;default&#8221; custom_padding=&#8221;17px||9px|||&#8221; global_colors_info=&#8221;{}&#8221;][et_pb_row _builder_version=&#8221;4.16&#8243; _module_preset=&#8221;default&#8221; custom_padding=&#8221;8px||9px|||&#8221; global_colors_info=&#8221;{}&#8221;][et_pb_column type=&#8221;4_4&#8243; _builder_version=&#8221;4.16&#8243; _module_preset=&#8221;default&#8221; global_colors_info=&#8221;{}&#8221;][et_pb_code _builder_version=&#8221;4.16&#8243; _module_preset=&#8221;default&#8221; global_colors_info=&#8221;{}&#8221;]<span><span><a href=\"https:\/\/comercmoble.com\/\">Inicio<\/a><\/span><\/span>[\/et_pb_code][\/et_pb_column][\/et_pb_row][\/et_pb_section][et_pb_section fb_built=&#8221;1&#8243; _builder_version=&#8221;4.16&#8243; custom_padding=&#8221;14px|||||&#8221; global_colors_info=&#8221;{}&#8221;][et_pb_row column_structure=&#8221;1_2,1_2&#8243; _builder_version=&#8221;4.16&#8243; max_width=&#8221;1280px&#8221; custom_padding=&#8221;27px|0px|0|0px|false|false&#8221; use_custom_width=&#8221;on&#8221; custom_width_px=&#8221;1280px&#8221; locked=&#8221;off&#8221; global_colors_info=&#8221;{}&#8221;][et_pb_column type=&#8221;1_2&#8243; _builder_version=&#8221;4.16&#8243; custom_padding=&#8221;|||&#8221; global_colors_info=&#8221;{}&#8221; custom_padding__hover=&#8221;|||&#8221;][et_pb_image src=&#8221;https:\/\/comercmoble.com\/wp-content\/uploads\/2021\/03\/proyectos.jpg&#8221; alt=&#8221;projectes&#8221; title_text=&#8221;projectes&#8221; align_tablet=&#8221;center&#8221; align_phone=&#8221;&#8221; align_last_edited=&#8221;on|desktop&#8221; _builder_version=&#8221;4.16&#8243; max_width_tablet=&#8221;400px&#8221; max_width_phone=&#8221;200px&#8221; max_width_last_edited=&#8221;on|phone&#8221; module_alignment=&#8221;left&#8221; custom_margin_tablet=&#8221;||0vw|&#8221; custom_margin_last_edited=&#8221;off|desktop&#8221; animation_style=&#8221;slide&#8221; animation_direction=&#8221;left&#8221; animation_intensity_slide=&#8221;2%&#8221; locked=&#8221;off&#8221; global_colors_info=&#8221;{}&#8221;][\/et_pb_image][\/et_pb_column][et_pb_column type=&#8221;1_2&#8243; _builder_version=&#8221;4.16&#8243; custom_padding=&#8221;|||&#8221; global_colors_info=&#8221;{}&#8221; custom_padding__hover=&#8221;|||&#8221;][et_pb_text _builder_version=&#8221;4.16&#8243; text_font=&#8221;||||||||&#8221; header_font=&#8221;Montserrat|300|||||||&#8221; header_font_size=&#8221;70px&#8221; header_line_height=&#8221;1.3em&#8221; custom_margin=&#8221;||16px|||&#8221; header_font_size_tablet=&#8221;50px&#8221; header_font_size_phone=&#8221;40px&#8221; header_font_size_last_edited=&#8221;on|phone&#8221; global_colors_info=&#8221;{}&#8221;]<\/p>\n<h1>Projectes<\/h1>\n<p>[\/et_pb_text][et_pb_text _builder_version=&#8221;4.16&#8243; text_font=&#8221;||||||||&#8221; text_font_size=&#8221;16px&#8221; text_line_height=&#8221;2.2em&#8221; global_colors_info=&#8221;{}&#8221;]<\/p>\n<div class=\"section-title \">\n<div class=\"text-center\">\n<p class=\"subtitle\" style=\"text-align: left;\">Campanyes per als associats, assist\u00e8ncia a fires sectorials, salons internacionals i altres accions<\/p>\n<\/div>\n<\/div>\n<div class=\"wpb_text_column wpb_content_element \">\n<div class=\"wpb_wrapper\">\n<article class=\"myportfolio-container minimal-light source_type_custom esg-revealed\" id=\"Proyectos\">\n<div class=\"esg-esg-grid-38-1-fullscreen-forcer\">\n<div id=\"esg-grid-38-1\" class=\"esg-grid esg-layout-even esg-container\">\n<div class=\"esg-overflowtrick\">\n<div class=\"esg-media-cover-wrapper\">\n<div class=\"esg-entry-media-wrapper\">\n<div class=\"esg-entry-media esg-transition\" data-delay=\"0\" data-duration=\"default\" data-transition=\"esg-shifttotop\"><\/div>\n<\/div>\n<\/div>\n<\/div>\n<\/div>\n<\/div>\n<\/article>\n<\/div>\n<\/div>\n<p>[\/et_pb_text][\/et_pb_column][\/et_pb_row][\/et_pb_section][et_pb_section fb_built=&#8221;1&#8243; _builder_version=&#8221;4.16&#8243; _module_preset=&#8221;default&#8221; custom_padding=&#8221;2px||3px|||&#8221; global_colors_info=&#8221;{}&#8221;][et_pb_row _builder_version=&#8221;4.18.0&#8243; _module_preset=&#8221;default&#8221; global_colors_info=&#8221;{}&#8221;][et_pb_column type=&#8221;4_4&#8243; _builder_version=&#8221;4.16&#8243; _module_preset=&#8221;default&#8221; global_colors_info=&#8221;{}&#8221;][et_pb_blog fullwidth=&#8221;off&#8221; post_type=&#8221;project&#8221; posts_number=&#8221;6&#8243; show_more=&#8221;on&#8221; show_author=&#8221;off&#8221; _builder_version=&#8221;4.18.0&#8243; _module_preset=&#8221;default&#8221; global_colors_info=&#8221;{}&#8221;][\/et_pb_blog][\/et_pb_column][\/et_pb_row][\/et_pb_section]<\/p>\n","protected":false},"excerpt":{"rendered":"<p><span><span><a href=\"https:\/\/comercmoble.com\/\">Inicio<\/a><\/span><\/span>Projectes Campanyes per als associats, assist\u00e8ncia a fires sectorials, salons internacionals i altres accions<\/p>\n","protected":false},"author":230,"featured_media":3713,"parent":0,"menu_order":0,"comment_status":"closed","ping_status":"closed","template":"","meta":{"_et_pb_use_builder":"on","_et_pb_old_content":"","_et_gb_content_width":"","footnotes":""},"class_list":["post-4323","page","type-page","status-publish","has-post-thumbnail","hentry"],"yoast_head":"<!-- This site is optimized with the Yoast SEO plugin v27.4 - https:\/\/yoast.com\/product\/yoast-seo-wordpress\/ -->\n<title>Projectes - Comer\u00e7 Moble<\/title>\n<meta name=\"robots\" content=\"index, follow, max-snippet:-1, max-image-preview:large, max-video-preview:-1\" \/>\n<link rel=\"canonical\" href=\"https:\/\/comercmoble.com\/proyectos\/\" \/>\n<meta property=\"og:locale\" content=\"en_US\" \/>\n<meta property=\"og:type\" content=\"article\" \/>\n<meta property=\"og:title\" content=\"Projectes - Comer\u00e7 Moble\" \/>\n<meta property=\"og:description\" content=\"Projectes Campanyes per als associats, assist\u00e8ncia a fires sectorials, salons internacionals i altres accions\" \/>\n<meta property=\"og:url\" content=\"https:\/\/comercmoble.com\/proyectos\/\" \/>\n<meta property=\"og:site_name\" content=\"Comer\u00e7 Moble\" \/>\n<meta property=\"article:modified_time\" content=\"2022-10-14T13:24:40+00:00\" \/>\n<meta property=\"og:image\" content=\"https:\/\/comercmoble.com\/wp-content\/uploads\/2017\/07\/cabecera-proyectos.jpg\" \/>\n\t<meta property=\"og:image:width\" content=\"1920\" \/>\n\t<meta property=\"og:image:height\" content=\"550\" \/>\n\t<meta property=\"og:image:type\" content=\"image\/jpeg\" \/>\n<meta name=\"twitter:card\" content=\"summary_large_image\" \/>\n<meta name=\"twitter:label1\" content=\"Est. reading time\" \/>\n\t<meta name=\"twitter:data1\" content=\"2 minutes\" \/>\n<script type=\"application\/ld+json\" class=\"yoast-schema-graph\">{\"@context\":\"https:\\\/\\\/schema.org\",\"@graph\":[{\"@type\":\"WebPage\",\"@id\":\"https:\\\/\\\/comercmoble.com\\\/proyectos\\\/\",\"url\":\"https:\\\/\\\/comercmoble.com\\\/proyectos\\\/\",\"name\":\"Projectes - Comer\u00e7 Moble\",\"isPartOf\":{\"@id\":\"https:\\\/\\\/comercmoble.com\\\/ca\\\/#website\"},\"primaryImageOfPage\":{\"@id\":\"https:\\\/\\\/comercmoble.com\\\/proyectos\\\/#primaryimage\"},\"image\":{\"@id\":\"https:\\\/\\\/comercmoble.com\\\/proyectos\\\/#primaryimage\"},\"thumbnailUrl\":\"https:\\\/\\\/comercmoble.com\\\/wp-content\\\/uploads\\\/2017\\\/07\\\/cabecera-proyectos.jpg\",\"datePublished\":\"2021-06-04T08:21:50+00:00\",\"dateModified\":\"2022-10-14T13:24:40+00:00\",\"breadcrumb\":{\"@id\":\"https:\\\/\\\/comercmoble.com\\\/proyectos\\\/#breadcrumb\"},\"inLanguage\":\"va-VA\",\"potentialAction\":[{\"@type\":\"ReadAction\",\"target\":[\"https:\\\/\\\/comercmoble.com\\\/proyectos\\\/\"]}]},{\"@type\":\"ImageObject\",\"inLanguage\":\"va-VA\",\"@id\":\"https:\\\/\\\/comercmoble.com\\\/proyectos\\\/#primaryimage\",\"url\":\"https:\\\/\\\/comercmoble.com\\\/wp-content\\\/uploads\\\/2017\\\/07\\\/cabecera-proyectos.jpg\",\"contentUrl\":\"https:\\\/\\\/comercmoble.com\\\/wp-content\\\/uploads\\\/2017\\\/07\\\/cabecera-proyectos.jpg\",\"width\":1920,\"height\":550},{\"@type\":\"BreadcrumbList\",\"@id\":\"https:\\\/\\\/comercmoble.com\\\/proyectos\\\/#breadcrumb\",\"itemListElement\":[{\"@type\":\"ListItem\",\"position\":1,\"name\":\"Inicio\",\"item\":\"https:\\\/\\\/comercmoble.com\\\/\"},{\"@type\":\"ListItem\",\"position\":2,\"name\":\"Projectes\"}]},{\"@type\":\"WebSite\",\"@id\":\"https:\\\/\\\/comercmoble.com\\\/ca\\\/#website\",\"url\":\"https:\\\/\\\/comercmoble.com\\\/ca\\\/\",\"name\":\"Comer\u00e7 Moble\",\"description\":\"Asociaci\u00f3n de Comercios del Muebles de la Comunidad Valencia\",\"publisher\":{\"@id\":\"https:\\\/\\\/comercmoble.com\\\/ca\\\/#organization\"},\"potentialAction\":[{\"@type\":\"SearchAction\",\"target\":{\"@type\":\"EntryPoint\",\"urlTemplate\":\"https:\\\/\\\/comercmoble.com\\\/ca\\\/?s={search_term_string}\"},\"query-input\":{\"@type\":\"PropertyValueSpecification\",\"valueRequired\":true,\"valueName\":\"search_term_string\"}}],\"inLanguage\":\"va-VA\"},{\"@type\":\"Organization\",\"@id\":\"https:\\\/\\\/comercmoble.com\\\/ca\\\/#organization\",\"name\":\"ASOCIACI\u00d3N PARA LA DISTRIBUCI\u00d3N Y COMERCIO DEL H\u00c1BITAT DE LA COMUNIDAD VALENCIANA\",\"url\":\"https:\\\/\\\/comercmoble.com\\\/ca\\\/\",\"logo\":{\"@type\":\"ImageObject\",\"inLanguage\":\"va-VA\",\"@id\":\"https:\\\/\\\/comercmoble.com\\\/ca\\\/#\\\/schema\\\/logo\\\/image\\\/\",\"url\":\"https:\\\/\\\/comercmoble.com\\\/wp-content\\\/uploads\\\/2018\\\/11\\\/logo.png\",\"contentUrl\":\"https:\\\/\\\/comercmoble.com\\\/wp-content\\\/uploads\\\/2018\\\/11\\\/logo.png\",\"width\":213,\"height\":67,\"caption\":\"ASOCIACI\u00d3N PARA LA DISTRIBUCI\u00d3N Y COMERCIO DEL H\u00c1BITAT DE LA COMUNIDAD VALENCIANA\"},\"image\":{\"@id\":\"https:\\\/\\\/comercmoble.com\\\/ca\\\/#\\\/schema\\\/logo\\\/image\\\/\"}}]}<\/script>\n<!-- \/ Yoast SEO plugin. -->","yoast_head_json":{"title":"Projectes - Comer\u00e7 Moble","robots":{"index":"index","follow":"follow","max-snippet":"max-snippet:-1","max-image-preview":"max-image-preview:large","max-video-preview":"max-video-preview:-1"},"canonical":"https:\/\/comercmoble.com\/proyectos\/","og_locale":"en_US","og_type":"article","og_title":"Projectes - Comer\u00e7 Moble","og_description":"Projectes Campanyes per als associats, assist\u00e8ncia a fires sectorials, salons internacionals i altres accions","og_url":"https:\/\/comercmoble.com\/proyectos\/","og_site_name":"Comer\u00e7 Moble","article_modified_time":"2022-10-14T13:24:40+00:00","og_image":[{"width":1920,"height":550,"url":"https:\/\/comercmoble.com\/wp-content\/uploads\/2017\/07\/cabecera-proyectos.jpg","type":"image\/jpeg"}],"twitter_card":"summary_large_image","twitter_misc":{"Est. reading time":"2 minutes"},"schema":{"@context":"https:\/\/schema.org","@graph":[{"@type":"WebPage","@id":"https:\/\/comercmoble.com\/proyectos\/","url":"https:\/\/comercmoble.com\/proyectos\/","name":"Projectes - Comer\u00e7 Moble","isPartOf":{"@id":"https:\/\/comercmoble.com\/ca\/#website"},"primaryImageOfPage":{"@id":"https:\/\/comercmoble.com\/proyectos\/#primaryimage"},"image":{"@id":"https:\/\/comercmoble.com\/proyectos\/#primaryimage"},"thumbnailUrl":"https:\/\/comercmoble.com\/wp-content\/uploads\/2017\/07\/cabecera-proyectos.jpg","datePublished":"2021-06-04T08:21:50+00:00","dateModified":"2022-10-14T13:24:40+00:00","breadcrumb":{"@id":"https:\/\/comercmoble.com\/proyectos\/#breadcrumb"},"inLanguage":"va-VA","potentialAction":[{"@type":"ReadAction","target":["https:\/\/comercmoble.com\/proyectos\/"]}]},{"@type":"ImageObject","inLanguage":"va-VA","@id":"https:\/\/comercmoble.com\/proyectos\/#primaryimage","url":"https:\/\/comercmoble.com\/wp-content\/uploads\/2017\/07\/cabecera-proyectos.jpg","contentUrl":"https:\/\/comercmoble.com\/wp-content\/uploads\/2017\/07\/cabecera-proyectos.jpg","width":1920,"height":550},{"@type":"BreadcrumbList","@id":"https:\/\/comercmoble.com\/proyectos\/#breadcrumb","itemListElement":[{"@type":"ListItem","position":1,"name":"Inicio","item":"https:\/\/comercmoble.com\/"},{"@type":"ListItem","position":2,"name":"Projectes"}]},{"@type":"WebSite","@id":"https:\/\/comercmoble.com\/ca\/#website","url":"https:\/\/comercmoble.com\/ca\/","name":"Comer\u00e7 Moble","description":"Asociaci\u00f3n de Comercios del Muebles de la Comunidad Valencia","publisher":{"@id":"https:\/\/comercmoble.com\/ca\/#organization"},"potentialAction":[{"@type":"SearchAction","target":{"@type":"EntryPoint","urlTemplate":"https:\/\/comercmoble.com\/ca\/?s={search_term_string}"},"query-input":{"@type":"PropertyValueSpecification","valueRequired":true,"valueName":"search_term_string"}}],"inLanguage":"va-VA"},{"@type":"Organization","@id":"https:\/\/comercmoble.com\/ca\/#organization","name":"ASOCIACI\u00d3N PARA LA DISTRIBUCI\u00d3N Y COMERCIO DEL H\u00c1BITAT DE LA COMUNIDAD VALENCIANA","url":"https:\/\/comercmoble.com\/ca\/","logo":{"@type":"ImageObject","inLanguage":"va-VA","@id":"https:\/\/comercmoble.com\/ca\/#\/schema\/logo\/image\/","url":"https:\/\/comercmoble.com\/wp-content\/uploads\/2018\/11\/logo.png","contentUrl":"https:\/\/comercmoble.com\/wp-content\/uploads\/2018\/11\/logo.png","width":213,"height":67,"caption":"ASOCIACI\u00d3N PARA LA DISTRIBUCI\u00d3N Y COMERCIO DEL H\u00c1BITAT DE LA COMUNIDAD VALENCIANA"},"image":{"@id":"https:\/\/comercmoble.com\/ca\/#\/schema\/logo\/image\/"}}]}},"_links":{"self":[{"href":"https:\/\/comercmoble.com\/ca\/wp-json\/wp\/v2\/pages\/4323","targetHints":{"allow":["GET"]}}],"collection":[{"href":"https:\/\/comercmoble.com\/ca\/wp-json\/wp\/v2\/pages"}],"about":[{"href":"https:\/\/comercmoble.com\/ca\/wp-json\/wp\/v2\/types\/page"}],"author":[{"embeddable":true,"href":"https:\/\/comercmoble.com\/ca\/wp-json\/wp\/v2\/users\/230"}],"replies":[{"embeddable":true,"href":"https:\/\/comercmoble.com\/ca\/wp-json\/wp\/v2\/comments?post=4323"}],"version-history":[{"count":15,"href":"https:\/\/comercmoble.com\/ca\/wp-json\/wp\/v2\/pages\/4323\/revisions"}],"predecessor-version":[{"id":10777,"href":"https:\/\/comercmoble.com\/ca\/wp-json\/wp\/v2\/pages\/4323\/revisions\/10777"}],"wp:featuredmedia":[{"embeddable":true,"href":"https:\/\/comercmoble.com\/ca\/wp-json\/wp\/v2\/media\/3713"}],"wp:attachment":[{"href":"https:\/\/comercmoble.com\/ca\/wp-json\/wp\/v2\/media?parent=4323"}],"curies":[{"name":"wp","href":"https:\/\/api.w.org\/{rel}","templated":true}]}}