{"id":4319,"date":"2021-06-04T10:19:21","date_gmt":"2021-06-04T08:19:21","guid":{"rendered":"https:\/\/comercmoble.com\/sobre-nosaltres"},"modified":"2024-05-08T15:12:29","modified_gmt":"2024-05-08T13:12:29","slug":"sobre-nosaltres","status":"publish","type":"page","link":"https:\/\/comercmoble.com\/ca\/sobre-nosaltres\/","title":{"rendered":"Sobre nosaltres"},"content":{"rendered":"<p>[et_pb_section fb_built=&#8221;1&#8243; _builder_version=&#8221;4.16&#8243; _module_preset=&#8221;default&#8221; custom_padding=&#8221;17px||9px|||&#8221; global_colors_info=&#8221;{}&#8221;][et_pb_row _builder_version=&#8221;4.16&#8243; _module_preset=&#8221;default&#8221; custom_padding=&#8221;8px||9px|||&#8221; global_colors_info=&#8221;{}&#8221;][et_pb_column type=&#8221;4_4&#8243; _builder_version=&#8221;4.16&#8243; _module_preset=&#8221;default&#8221; global_colors_info=&#8221;{}&#8221;][et_pb_code _builder_version=&#8221;4.16&#8243; _module_preset=&#8221;default&#8221; global_colors_info=&#8221;{}&#8221;]<span><span><a href=\"https:\/\/comercmoble.com\/\">Inicio<\/a><\/span><\/span>[\/et_pb_code][\/et_pb_column][\/et_pb_row][\/et_pb_section][et_pb_section fb_built=&#8221;1&#8243; _builder_version=&#8221;4.16&#8243; custom_padding=&#8221;14px|||||&#8221; global_colors_info=&#8221;{}&#8221;][et_pb_row column_structure=&#8221;1_2,1_2&#8243; _builder_version=&#8221;4.16&#8243; max_width=&#8221;1280px&#8221; custom_padding=&#8221;27px|0px|0|0px|false|false&#8221; use_custom_width=&#8221;on&#8221; custom_width_px=&#8221;1280px&#8221; locked=&#8221;off&#8221; global_colors_info=&#8221;{}&#8221;][et_pb_column type=&#8221;1_2&#8243; _builder_version=&#8221;4.16&#8243; custom_padding=&#8221;|||&#8221; global_colors_info=&#8221;{}&#8221; custom_padding__hover=&#8221;|||&#8221;][et_pb_image src=&#8221;https:\/\/comercmoble.com\/wp-content\/uploads\/2021\/03\/sofa.jpg&#8221; alt=&#8221;sof\u00e0&#8221; title_text=&#8221;sof\u00e0&#8221; align_tablet=&#8221;center&#8221; align_phone=&#8221;&#8221; align_last_edited=&#8221;on|desktop&#8221; _builder_version=&#8221;4.16&#8243; max_width_tablet=&#8221;400px&#8221; max_width_phone=&#8221;200px&#8221; max_width_last_edited=&#8221;on|phone&#8221; module_alignment=&#8221;left&#8221; custom_margin_tablet=&#8221;||0vw|&#8221; custom_margin_last_edited=&#8221;off|desktop&#8221; animation_style=&#8221;slide&#8221; animation_direction=&#8221;left&#8221; animation_intensity_slide=&#8221;2%&#8221; locked=&#8221;off&#8221; global_colors_info=&#8221;{}&#8221;][\/et_pb_image][\/et_pb_column][et_pb_column type=&#8221;1_2&#8243; _builder_version=&#8221;4.16&#8243; custom_padding=&#8221;|||&#8221; global_colors_info=&#8221;{}&#8221; custom_padding__hover=&#8221;|||&#8221;][et_pb_text _builder_version=&#8221;4.16&#8243; text_font=&#8221;||||||||&#8221; header_font=&#8221;Montserrat|300|||||||&#8221; header_font_size=&#8221;70px&#8221; header_line_height=&#8221;1.3em&#8221; custom_margin=&#8221;||16px|||&#8221; header_font_size_tablet=&#8221;50px&#8221; header_font_size_phone=&#8221;40px&#8221; header_font_size_last_edited=&#8221;on|phone&#8221; global_colors_info=&#8221;{}&#8221;]<\/p>\n<h1>Qui som<\/h1>\n<p>[\/et_pb_text][et_pb_text _builder_version=&#8221;4.16&#8243; text_font=&#8221;||||||||&#8221; text_font_size=&#8221;16px&#8221; text_line_height=&#8221;2.2em&#8221; global_colors_info=&#8221;{}&#8221;]<\/p>\n<ul>\n<li>Som l\u2019Associaci\u00f3 de Comerciants de Mobles de la Comunitat Valenciana. El nostre inter\u00e9s principal \u00e9s la defensa dels associats i associades. El nostre inter\u00e9s principal \u00e9s la <strong>defensa dels associats.<\/strong><o:p><\/o:p><\/li>\n<li>Representem les botigues de mobles de la CV enfront d\u2019institucions, organismes i confederacions.<o:p><\/o:p><\/li>\n<li>Defenem els drets i els deures de les botigues de mobles amb l\u2019impuls a <strong>la qualitat, servei i garantia<\/strong> en tots i cadascun dels comer\u00e7os hi associats.<o:p><\/o:p><\/li>\n<li>No tenim \u00e0nim de lucre. Tenim <strong>transpar\u00e8ncia completa<\/strong> dels nostres comptes i actuacions.<o:p><\/o:p><\/li>\n<li>Proporcionem <strong>formaci\u00f3 i serveis<\/strong> perqu\u00e8 les botigues de mobles estiguen actualitzades i guanyen <strong>rendibilitat.<\/strong><o:p><\/o:p><\/li>\n<li>Facilitem l\u2019acc\u00e9s de les botigues a les <strong>ajudes publiques<\/strong> a trav\u00e9s de la puntual informaci\u00f3 i l\u2019assessorament adequat.<o:p><\/o:p><\/li>\n<li>Tenim convenis amb bancs, fires, etc. perqu\u00e8 els<strong>associats i les associades estalvien diners.<\/strong><o:p><\/o:p><\/li>\n<li>Formalitzem <strong>convenis amb prove\u00efdors<\/strong> perqu\u00e8 donen suport a la millora del sector del moble.<o:p><\/o:p><\/li>\n<li>Ajudem els associats i associades en temes de <strong>m\u00e0rqueting, formaci\u00f3 cont\u00ednua,<\/strong> <strong>suports al proc\u00e9s de venda,<\/strong>etc. Per a garantir la satisfacci\u00f3 del consumidor-a i ajudar el comer\u00e7 a <strong>rendabilitzar<\/strong> la seua inversi\u00f3 a la botiga.<o:p><\/o:p><\/li>\n<li><strong>Juntes i junts tenim la for\u00e7a<\/strong> i el comprom\u00eds amb el desenvolupament econ\u00f2mic de la nostra <strong>Comunitat<\/strong>, d\u2019Espanya i d\u2019Europa, amb tot el que el nostre sector hi aporta.<o:p><\/o:p><\/li>\n<\/ul>\n<p>[\/et_pb_text][\/et_pb_column][\/et_pb_row][\/et_pb_section][et_pb_section fb_built=&#8221;1&#8243; _builder_version=&#8221;4.16&#8243; use_background_color_gradient=&#8221;on&#8221; background_color_gradient_direction=&#8221;90deg&#8221; background_color_gradient_stops=&#8221;rgba(246,243,243,0) 30%|#f7f3ec 30%&#8221; background_color_gradient_start=&#8221;rgba(246,243,243,0)&#8221; background_color_gradient_start_position=&#8221;30%&#8221; background_color_gradient_end=&#8221;#f7f3ec&#8221; background_color_gradient_end_position=&#8221;30%&#8221; custom_padding=&#8221;50px|0|50px|0px|false|false&#8221; global_colors_info=&#8221;{}&#8221; box_shadow_style__hover=&#8221;none&#8221; box_shadow_style__hover_enabled=&#8221;none&#8221; box_shadow_color__hover=&#8221;rgba(0,0,0,0.3)&#8221; box_shadow_color__hover_enabled=&#8221;rgba(0,0,0,0.3)&#8221;][et_pb_row column_structure=&#8221;1_2,1_2&#8243; _builder_version=&#8221;4.16&#8243; custom_width_px__hover=&#8221;1080px&#8221; custom_width_px__hover_enabled=&#8221;1080px&#8221; custom_width_percent__hover=&#8221;80%&#8221; custom_width_percent__hover_enabled=&#8221;80%&#8221; locked=&#8221;off&#8221; global_colors_info=&#8221;{}&#8221; use_custom_width__hover=&#8221;off&#8221; use_custom_width__hover_enabled=&#8221;off&#8221; width_unit__hover=&#8221;on&#8221; width_unit__hover_enabled=&#8221;on&#8221; use_custom_gutter__hover=&#8221;off&#8221; use_custom_gutter__hover_enabled=&#8221;off&#8221; gutter_width__hover=&#8221;3&#8243; gutter_width__hover_enabled=&#8221;3&#8243; make_equal__hover=&#8221;off&#8221; make_equal__hover_enabled=&#8221;off&#8221; parallax_1__hover=&#8221;off&#8221; parallax_1__hover_enabled=&#8221;off&#8221; parallax_2__hover=&#8221;off&#8221; parallax_2__hover_enabled=&#8221;off&#8221; parallax_3__hover=&#8221;off&#8221; parallax_3__hover_enabled=&#8221;off&#8221; parallax_4__hover=&#8221;off&#8221; parallax_4__hover_enabled=&#8221;off&#8221; parallax_5__hover=&#8221;off&#8221; parallax_5__hover_enabled=&#8221;off&#8221; parallax_6__hover=&#8221;off&#8221; parallax_6__hover_enabled=&#8221;off&#8221; parallax_method_1__hover=&#8221;on&#8221; parallax_method_1__hover_enabled=&#8221;on&#8221; parallax_method_2__hover=&#8221;on&#8221; parallax_method_2__hover_enabled=&#8221;on&#8221; parallax_method_3__hover=&#8221;on&#8221; parallax_method_3__hover_enabled=&#8221;on&#8221; parallax_method_4__hover=&#8221;on&#8221; parallax_method_4__hover_enabled=&#8221;on&#8221; parallax_method_5__hover=&#8221;on&#8221; parallax_method_5__hover_enabled=&#8221;on&#8221; parallax_method_6__hover=&#8221;on&#8221; parallax_method_6__hover_enabled=&#8221;on&#8221; box_shadow_style__hover=&#8221;none&#8221; box_shadow_style__hover_enabled=&#8221;none&#8221; box_shadow_color__hover=&#8221;rgba(0,0,0,0.3)&#8221; box_shadow_color__hover_enabled=&#8221;rgba(0,0,0,0.3)&#8221; use_background_color_gradient__hover=&#8221;off&#8221; use_background_color_gradient__hover_enabled=&#8221;off&#8221; background_color_gradient_start__hover=&#8221;#2b87da&#8221; background_color_gradient_start__hover_enabled=&#8221;#2b87da&#8221; background_color_gradient_end__hover=&#8221;#29c4a9&#8243; background_color_gradient_end__hover_enabled=&#8221;#29c4a9&#8243; background_color_gradient_type__hover=&#8221;linear&#8221; background_color_gradient_type__hover_enabled=&#8221;linear&#8221; background_color_gradient_direction__hover=&#8221;180deg&#8221; background_color_gradient_direction__hover_enabled=&#8221;180deg&#8221; background_color_gradient_direction_radial__hover=&#8221;center&#8221; background_color_gradient_direction_radial__hover_enabled=&#8221;center&#8221; background_color_gradient_start_position__hover=&#8221;0%&#8221; background_color_gradient_start_position__hover_enabled=&#8221;0%&#8221; background_color_gradient_end_position__hover=&#8221;100%&#8221; background_color_gradient_end_position__hover_enabled=&#8221;100%&#8221; background_color_gradient_overlays_image__hover=&#8221;off&#8221; background_color_gradient_overlays_image__hover_enabled=&#8221;off&#8221; parallax__hover=&#8221;off&#8221; parallax__hover_enabled=&#8221;off&#8221; parallax_method__hover=&#8221;on&#8221; parallax_method__hover_enabled=&#8221;on&#8221; background_size__hover=&#8221;cover&#8221; background_size__hover_enabled=&#8221;cover&#8221; background_position__hover=&#8221;center&#8221; background_position__hover_enabled=&#8221;center&#8221; background_repeat__hover=&#8221;no-repeat&#8221; background_repeat__hover_enabled=&#8221;no-repeat&#8221; background_blend__hover=&#8221;normal&#8221; background_blend__hover_enabled=&#8221;normal&#8221; allow_player_pause__hover=&#8221;off&#8221; allow_player_pause__hover_enabled=&#8221;off&#8221; background_video_pause_outside_viewport__hover=&#8221;on&#8221; background_video_pause_outside_viewport__hover_enabled=&#8221;on&#8221; make_fullwidth__hover=&#8221;off&#8221; make_fullwidth__hover_enabled=&#8221;off&#8221; border_radii__hover=&#8221;on||||&#8221; border_radii__hover_enabled=&#8221;on||||&#8221; filter_hue_rotate__hover=&#8221;0deg&#8221; filter_hue_rotate__hover_enabled=&#8221;0deg&#8221; filter_saturate__hover=&#8221;100%&#8221; filter_saturate__hover_enabled=&#8221;100%&#8221; filter_brightness__hover=&#8221;100%&#8221; filter_brightness__hover_enabled=&#8221;100%&#8221; filter_contrast__hover=&#8221;100%&#8221; filter_contrast__hover_enabled=&#8221;100%&#8221; filter_invert__hover=&#8221;0%&#8221; filter_invert__hover_enabled=&#8221;0%&#8221; filter_sepia__hover=&#8221;0%&#8221; filter_sepia__hover_enabled=&#8221;0%&#8221; filter_opacity__hover=&#8221;100%&#8221; filter_opacity__hover_enabled=&#8221;100%&#8221; filter_blur__hover=&#8221;0px&#8221; filter_blur__hover_enabled=&#8221;0px&#8221; mix_blend_mode__hover=&#8221;normal&#8221; mix_blend_mode__hover_enabled=&#8221;normal&#8221; animation_style__hover=&#8221;none&#8221; animation_style__hover_enabled=&#8221;none&#8221; animation_repeat__hover=&#8221;once&#8221; animation_repeat__hover_enabled=&#8221;once&#8221; animation_direction__hover=&#8221;center&#8221; animation_direction__hover_enabled=&#8221;center&#8221; animation_duration__hover=&#8221;1000ms&#8221; animation_duration__hover_enabled=&#8221;1000ms&#8221; animation_delay__hover=&#8221;0ms&#8221; animation_delay__hover_enabled=&#8221;0ms&#8221; animation_intensity_slide__hover=&#8221;50%&#8221; animation_intensity_slide__hover_enabled=&#8221;50%&#8221; animation_intensity_zoom__hover=&#8221;50%&#8221; animation_intensity_zoom__hover_enabled=&#8221;50%&#8221; animation_intensity_flip__hover=&#8221;50%&#8221; animation_intensity_flip__hover_enabled=&#8221;50%&#8221; animation_intensity_fold__hover=&#8221;50%&#8221; animation_intensity_fold__hover_enabled=&#8221;50%&#8221; animation_intensity_roll__hover=&#8221;50%&#8221; animation_intensity_roll__hover_enabled=&#8221;50%&#8221; animation_starting_opacity__hover=&#8221;0%&#8221; animation_starting_opacity__hover_enabled=&#8221;0%&#8221; animation_speed_curve__hover=&#8221;ease-in-out&#8221; animation_speed_curve__hover_enabled=&#8221;ease-in-out&#8221; hover_transition_duration__hover=&#8221;300ms&#8221; hover_transition_duration__hover_enabled=&#8221;300ms&#8221; hover_transition_delay__hover=&#8221;0ms&#8221; hover_transition_delay__hover_enabled=&#8221;0ms&#8221; hover_transition_speed_curve__hover=&#8221;ease&#8221; hover_transition_speed_curve__hover_enabled=&#8221;ease&#8221; background_color_gradient_stops__hover=&#8221;#2b87da 0%|#29c4a9 100%&#8221;][et_pb_column type=&#8221;1_2&#8243; _builder_version=&#8221;4.16&#8243; custom_padding=&#8221;|||&#8221; global_colors_info=&#8221;{}&#8221; custom_padding__hover=&#8221;|||&#8221;][et_pb_image src=&#8221;https:\/\/comercmoble.com\/wp-content\/uploads\/2021\/04\/historia.jpg&#8221; alt=&#8221;hist\u00f2ria&#8221; title_text=&#8221;hist\u00f2ria&#8221; align_tablet=&#8221;center&#8221; align_phone=&#8221;&#8221; align_last_edited=&#8221;on|desktop&#8221; _builder_version=&#8221;4.16&#8243; max_width_tablet=&#8221;300px&#8221; max_width_phone=&#8221;&#8221; max_width_last_edited=&#8221;on|tablet&#8221; custom_margin=&#8221;||-200px&#8221; custom_margin_tablet=&#8221;|0vw|0px|&#8221; custom_margin_phone=&#8221;&#8221; custom_margin_last_edited=&#8221;on|tablet&#8221; animation_style=&#8221;slide&#8221; animation_direction=&#8221;right&#8221; animation_intensity_slide=&#8221;2%&#8221; border_width_all=&#8221;8px&#8221; border_color_all=&#8221;#ffffff&#8221; locked=&#8221;off&#8221; global_colors_info=&#8221;{}&#8221; show_bottom_space__hover=&#8221;on&#8221; show_bottom_space__hover_enabled=&#8221;on&#8221;][\/et_pb_image][\/et_pb_column][et_pb_column type=&#8221;1_2&#8243; _builder_version=&#8221;4.16&#8243; custom_padding=&#8221;|||&#8221; global_colors_info=&#8221;{}&#8221; custom_padding__hover=&#8221;|||&#8221;][et_pb_text _builder_version=&#8221;4.16&#8243; text_font=&#8221;||||||||&#8221; header_font=&#8221;||||||||&#8221; header_2_font=&#8221;Montserrat|300|||||||&#8221; header_2_font_size=&#8221;42px&#8221; header_2_line_height=&#8221;1.5em&#8221; header_4_font=&#8221;Montserrat|500||on|||||&#8221; header_4_text_color=&#8221;#ef6f49&#8243; header_4_font_size=&#8221;11px&#8221; header_4_letter_spacing=&#8221;3px&#8221; max_width=&#8221;700px&#8221; header_2_font_size_tablet=&#8221;32px&#8221; header_2_font_size_phone=&#8221;24px&#8221; header_2_font_size_last_edited=&#8221;on|phone&#8221; locked=&#8221;off&#8221; global_colors_info=&#8221;{}&#8221;]<\/p>\n<h2>La nostra Hist\u00f2ria<\/h2>\n<p>Per a fer un estudi de la hist\u00f2ria de <strong>l\u2019ASSOCIACIONISME EN EL COMER\u00c7 DEL MOBLE a LA COMUNITAT VALENCIANA<\/strong>cal remuntar-se a l\u2019\u00e8poca de l\u2019exist\u00e8ncia dels <strong>gremis artesanals<\/strong> de l\u2019Edat mitjana. Aquests gremis d\u2019oficis s\u00f3n la base de moltes associacions que han sorgit a partir del segle XX, un bon exemple de les quals \u00e9s la del moble.<\/p>\n<p>&nbsp;<\/p>\n<p>Els or\u00edgens, el 1890, amb els primers gremis artesanals, per\u00f2 \u00e9s el <strong>1913 amb la creaci\u00f3 de la Uni\u00f3 Gremial<\/strong> i el 1924 amb els primers estatuts de la Uni\u00f3n de Almacenistas del Mueble, quan es consolida la seua vertadera vocaci\u00f3 associacionista. Exactament, el 12 de setembre de <strong>1924 es constitueix la Uni\u00f3n de Almacenistas de Muebles,<\/strong> format per la majoria d\u2019emmagatzemadors de mobles de la ciutat de Val\u00e8ncia. Un dels seus primers assumptes va ser tractar les reformes de la ciutat per part de l\u2019Ajuntament. Una altra de les actuacions m\u00e9s importants dutes a terme va ser la de realitzar les gestions necess\u00e0ries enfront del Ministeri d\u2019Hisenda per a rectificar la Llei del Timbre, que gravava la venda de mobles considerats de luxe.<\/p>\n<p>&nbsp;<\/p>\n<p>Ressorgeix, doncs, amb tota la for\u00e7a que mai va perdre per part d\u2019un sector tan integrat i estrat\u00e8gic en el teixit social i econ\u00f2mic valenci\u00e0, sent fundadora de la Federaci\u00f3 de Comerciants de Mobles de la Comunitat Valenciana (FECOMVAC) el 1998 i, posteriorment, donant a llum a la Confederaci\u00f3 Espanyola de Comerciants del Moble i a FENA (Federaci\u00f3n Europea del Negocio del Amueblamiento).<\/p>\n<p>&nbsp;<\/p>\n<p><strong>El 2016 es crea Comer\u00e7moble,<\/strong> com a resposta dels i de les comerciants de moble de la Comunitat Valenciana, a la necessitat de tornar a estar representats adequadament en les institucions i organismes, de manera que els interessos del sector pogueren ser defensats.<\/p>\n<p>&nbsp;<\/p>\n<p><strong>COMER\u00c7MOBLE<\/strong> forma part de F\u00d2RUM H\u00c0BITAT ESPANYA, representa als comer\u00e7os del moble de tota Espanya (setembre 2019), sent aquests empresaris, part fonamental del motor que mou l&#8217;economia del nostre Pa\u00eds i la nostra responsabilitat actual \u00e9s prendre les mesures necess\u00e0ries per a continuar sent generadors de riquesa i de benestar.<\/p>\n<p>[\/et_pb_text][\/et_pb_column][\/et_pb_row][\/et_pb_section][et_pb_section fb_built=&#8221;1&#8243; _builder_version=&#8221;4.16&#8243; background_color=&#8221;#9D0C11&#8243; background_image=&#8221;https:\/\/comercmoble.com\/wp-content\/uploads\/2021\/02\/upholsterer-58.jpg&#8221; background_blend=&#8221;multiply&#8221; custom_padding=&#8221;0|0px|0|0px|false|false&#8221; global_colors_info=&#8221;{}&#8221;][et_pb_row column_structure=&#8221;3_5,2_5&#8243; make_equal=&#8221;on&#8221; padding_top_bottom_link_1=&#8221;false&#8221; _builder_version=&#8221;4.16&#8243; custom_padding=&#8221;0|0px|0|0px|false|false&#8221; box_shadow_style=&#8221;preset4&#8243; box_shadow_horizontal=&#8221;700px&#8221; box_shadow_vertical=&#8221;0px&#8221; box_shadow_color=&#8221;#ffffff&#8221; global_colors_info=&#8221;{}&#8221;][et_pb_column type=&#8221;3_5&#8243; _builder_version=&#8221;4.16&#8243; custom_padding=&#8221;180px||100px|&#8221; custom_padding_tablet=&#8221;60px||60px||true&#8221; custom_padding_phone=&#8221;&#8221; custom_padding_last_edited=&#8221;on|tablet&#8221; global_colors_info=&#8221;{}&#8221; padding_tablet=&#8221;60px||60px||true&#8221; padding_last_edited=&#8221;on|tablet&#8221; custom_padding__hover=&#8221;|||&#8221; padding_phone=&#8221;60px||60px||true&#8221;][et_pb_text _builder_version=&#8221;4.16&#8243; text_font=&#8221;||||||||&#8221; header_font=&#8221;||||||||&#8221; header_2_font=&#8221;Montserrat|300|||||||&#8221; header_2_font_size=&#8221;42px&#8221; header_2_line_height=&#8221;1.5em&#8221; header_4_font=&#8221;Montserrat|500||on|||||&#8221; header_4_text_color=&#8221;#ef6f49&#8243; header_4_font_size=&#8221;11px&#8221; header_4_letter_spacing=&#8221;3px&#8221; background_layout=&#8221;dark&#8221; max_width=&#8221;700px&#8221; header_2_font_size_tablet=&#8221;32px&#8221; header_2_font_size_phone=&#8221;24px&#8221; header_2_font_size_last_edited=&#8221;on|phone&#8221; locked=&#8221;off&#8221; global_colors_info=&#8221;{}&#8221;]<\/p>\n<h2>Dades i organitzaci\u00f3<\/h2>\n<p>[\/et_pb_text][et_pb_text _builder_version=&#8221;4.25.0&#8243; text_font=&#8221;||||||||&#8221; text_font_size=&#8221;15px&#8221; text_line_height=&#8221;2.2em&#8221; header_font=&#8221;||||||||&#8221; background_layout=&#8221;dark&#8221; custom_margin=&#8221;30px||50px||false&#8221; hover_enabled=&#8221;0&#8243; locked=&#8221;off&#8221; global_colors_info=&#8221;{}&#8221; sticky_enabled=&#8221;0&#8243;]<\/p>\n<p><span><strong>RA\u00d3 SOCIAL<\/strong><\/span><\/p>\n<p><span>ASSOCIACI\u00d3 PER A LA DISTRIBUCI\u00d3 I COMER\u00c7 DE L&#8217;H\u00c0BITAT DE LA COMUNITAT VALENCIANA<\/span><\/p>\n<p><span><strong>DIRECCI\u00d3 <\/strong><\/span><\/p>\n<p><span style=\"color: #ffffff;\"><a href=\"https:\/\/www.google.com\/maps\/place\/Av.+del+Cid,+25,+1%C2%BA%20puerta%2010,+46018+Val%C3%A8ncia\/data=!4m2!3m1!1s0xd604f40fc14b1f9:0x5bcb291206d86986?sa=X&amp;ved=2ahUKEwj_xsupo4_vAhWYTBUIHUuHAXQQ8gEwAHoECAYQAQ\" target=\"_blank\" rel=\"noopener noreferrer\" style=\"color: #ffffff;\">Av. del Cid, 25 \u2013 1r porta 10. 46018 VAL\u00c8NCIA  <\/a><\/span><\/p>\n<p><span><strong>TEL\u00c8FON<\/strong><\/span><\/p>\n<p><span style=\"color: #ffffff;\"><a href=\"tel:665%2090%2032%2021%20\" style=\"color: #ffffff;\"><strong>  665 90 32 21<\/strong> <\/a><\/span><\/p>\n<p><span><strong>CIF <\/strong>G98828684<\/span><\/p>\n<p>&nbsp;<\/p>\n<p>[\/et_pb_text][\/et_pb_column][et_pb_column type=&#8221;2_5&#8243; _builder_version=&#8221;4.16&#8243; background_color=&#8221;#ffffff&#8221; custom_padding=&#8221;180px|||60px&#8221; custom_padding_tablet=&#8221;10px|40px||40px||true&#8221; custom_padding_phone=&#8221;&#8221; custom_padding_last_edited=&#8221;on|tablet&#8221; global_colors_info=&#8221;{}&#8221; padding_tablet=&#8221;10px|40px||40px||true&#8221; padding_last_edited=&#8221;on|tablet&#8221; custom_padding__hover=&#8221;|||&#8221; padding_phone=&#8221;10px|40px||40px||true&#8221;][et_pb_text _builder_version=&#8221;4.16&#8243; text_font=&#8221;||||||||&#8221; text_font_size=&#8221;15px&#8221; text_line_height=&#8221;2.2em&#8221; header_font=&#8221;||||||||&#8221; header_3_font=&#8221;Montserrat|600||on|||||&#8221; header_3_font_size=&#8221;12px&#8221; header_3_letter_spacing=&#8221;1px&#8221; header_3_line_height=&#8221;1.8em&#8221; custom_margin=&#8221;30px||50px||false&#8221; locked=&#8221;off&#8221; global_colors_info=&#8221;{}&#8221; header_font_size__hover=&#8221;30px&#8221; header_2_font_size__hover=&#8221;26px&#8221; header_3_font_size__hover=&#8221;22px&#8221; header_4_font_size__hover=&#8221;18px&#8221; header_5_font_size__hover=&#8221;16px&#8221; header_6_font_size__hover=&#8221;14px&#8221; header_font_size__hover_enabled=&#8221;30px&#8221; header_2_font_size__hover_enabled=&#8221;26px&#8221; header_3_font_size__hover_enabled=&#8221;22px&#8221; header_4_font_size__hover_enabled=&#8221;18px&#8221; header_5_font_size__hover_enabled=&#8221;16px&#8221; header_6_font_size__hover_enabled=&#8221;14px&#8221; header_letter_spacing__hover=&#8221;0px&#8221; header_2_letter_spacing__hover=&#8221;0px&#8221; header_3_letter_spacing__hover=&#8221;0px&#8221; header_4_letter_spacing__hover=&#8221;0px&#8221; header_5_letter_spacing__hover=&#8221;0px&#8221; header_6_letter_spacing__hover=&#8221;0px&#8221; header_letter_spacing__hover_enabled=&#8221;0px&#8221; header_2_letter_spacing__hover_enabled=&#8221;0px&#8221; header_3_letter_spacing__hover_enabled=&#8221;0px&#8221; header_4_letter_spacing__hover_enabled=&#8221;0px&#8221; header_5_letter_spacing__hover_enabled=&#8221;0px&#8221; header_6_letter_spacing__hover_enabled=&#8221;0px&#8221; header_2_line_height__hover=&#8221;1em&#8221; header_3_line_height__hover=&#8221;1em&#8221; header_4_line_height__hover=&#8221;1em&#8221; header_5_line_height__hover=&#8221;1em&#8221; header_6_line_height__hover=&#8221;1em&#8221; header_2_line_height__hover_enabled=&#8221;1em&#8221; header_3_line_height__hover_enabled=&#8221;1em&#8221; header_4_line_height__hover_enabled=&#8221;1em&#8221; header_5_line_height__hover_enabled=&#8221;1em&#8221; header_6_line_height__hover_enabled=&#8221;1em&#8221; header_text_shadow_style__hover=&#8221;none&#8221; header_2_text_shadow_style__hover=&#8221;none&#8221; header_3_text_shadow_style__hover=&#8221;none&#8221; header_4_text_shadow_style__hover=&#8221;none&#8221; header_5_text_shadow_style__hover=&#8221;none&#8221; header_6_text_shadow_style__hover=&#8221;none&#8221; header_text_shadow_style__hover_enabled=&#8221;none&#8221; header_2_text_shadow_style__hover_enabled=&#8221;none&#8221; header_3_text_shadow_style__hover_enabled=&#8221;none&#8221; header_4_text_shadow_style__hover_enabled=&#8221;none&#8221; header_5_text_shadow_style__hover_enabled=&#8221;none&#8221; header_6_text_shadow_style__hover_enabled=&#8221;none&#8221; header_text_shadow_color__hover=&#8221;rgba(0,0,0,0.4)&#8221; header_2_text_shadow_color__hover=&#8221;rgba(0,0,0,0.4)&#8221; header_3_text_shadow_color__hover=&#8221;rgba(0,0,0,0.4)&#8221; header_4_text_shadow_color__hover=&#8221;rgba(0,0,0,0.4)&#8221; header_5_text_shadow_color__hover=&#8221;rgba(0,0,0,0.4)&#8221; header_6_text_shadow_color__hover=&#8221;rgba(0,0,0,0.4)&#8221; header_text_shadow_color__hover_enabled=&#8221;rgba(0,0,0,0.4)&#8221; header_2_text_shadow_color__hover_enabled=&#8221;rgba(0,0,0,0.4)&#8221; header_3_text_shadow_color__hover_enabled=&#8221;rgba(0,0,0,0.4)&#8221; header_4_text_shadow_color__hover_enabled=&#8221;rgba(0,0,0,0.4)&#8221; header_5_text_shadow_color__hover_enabled=&#8221;rgba(0,0,0,0.4)&#8221; header_6_text_shadow_color__hover_enabled=&#8221;rgba(0,0,0,0.4)&#8221;]<\/p>\n<p><span><strong>SECRETARIA GENERAL<\/strong><\/span><\/p>\n<p><span>Ligia Rodrigo Carreras \u2013 679 488 064 <\/span><\/p>\n<p><span><strong>JUNTA DIRECTIVA COMER\u00c7 MOBLE<\/strong><\/span><\/p>\n<p><span><strong>Presidenta<\/strong><\/span><br \/><span>Gloria Vaquer Beltr\u00e1n<\/span><\/p>\n<p><span><strong>Vicepresidents<\/strong><\/span><br \/><span>Alberto Albert Verd\u00fa<\/span><br \/><span>Francisco Ortega Alarc\u00f3n<\/span><br \/><span>Juan Luis Benlliure Moreno<\/span><\/p>\n<p><span><strong>Secretari<\/strong><\/span><br \/><span>Abelardo Olmeda Ortega<\/span><\/p>\n<p><span><strong>Tresorer<\/strong><\/span><br \/><span>Patricio Gonzalez Canovas<\/span><\/p>\n<p><span><strong>Vocals<\/strong><\/span><br \/><span>Antonio Casanova Ortells<\/span><br \/><span>Jos\u00e9 Gomez G\u00f3mez<\/span><br \/><span>Amelia Delhom Burguet<\/span><br \/><span>Amparo Vall\u00e9s P\u00e9rez<\/span><br \/><span>Cesar Serra Ba\u00f1\u00f3<\/span><br \/><span>Vicente Gasc\u00f3n L\u00f3pez<\/span><\/p>\n<p>&nbsp;<\/p>\n<p>[\/et_pb_text][\/et_pb_column][\/et_pb_row][\/et_pb_section][et_pb_section fb_built=&#8221;1&#8243; _builder_version=&#8221;4.16&#8243; _module_preset=&#8221;default&#8221; custom_padding=&#8221;||3px|||&#8221; global_colors_info=&#8221;{}&#8221;][\/et_pb_section]<\/p>\n","protected":false},"excerpt":{"rendered":"<p>[vc_row el_class=&#8221;padtop80&#8243;][vc_column][itl_section_title text_alignment=&#8221;text-center&#8221; title=&#8221;Qui som&#8221;][vc_row_inner][vc_column_inner width=&#8221;1\/2&#8243;][vc_column_text]<\/p>\n<h3 style=\"text-align: left;\">1.<\/h3>\n<p style=\"text-align: left;\">Som la asso&#8230;<\/p>\n","protected":false},"author":230,"featured_media":3870,"parent":0,"menu_order":0,"comment_status":"closed","ping_status":"closed","template":"","meta":{"_et_pb_use_builder":"on","_et_pb_old_content":"","_et_gb_content_width":"","footnotes":""},"class_list":["post-4319","page","type-page","status-publish","has-post-thumbnail","hentry"],"yoast_head":"<!-- This site is optimized with the Yoast SEO plugin v27.4 - https:\/\/yoast.com\/product\/yoast-seo-wordpress\/ -->\n<title>Sobre nosaltres - Comer\u00e7 Moble<\/title>\n<meta name=\"robots\" content=\"index, follow, max-snippet:-1, max-image-preview:large, max-video-preview:-1\" \/>\n<link rel=\"canonical\" href=\"https:\/\/comercmoble.com\/ca\/sobre-nosaltres\/\" \/>\n<meta property=\"og:locale\" content=\"en_US\" \/>\n<meta property=\"og:type\" content=\"article\" \/>\n<meta property=\"og:title\" content=\"Sobre nosaltres - Comer\u00e7 Moble\" \/>\n<meta property=\"og:description\" content=\"[vc_row el_class=&quot;padtop80&quot;][vc_column][itl_section_title text_alignment=&quot;text-center&quot; title=&quot;Qui som&quot;][vc_row_inner][vc_column_inner width=&quot;1\/2&quot;][vc_column_text] 1. Som la asso...\" \/>\n<meta property=\"og:url\" content=\"https:\/\/comercmoble.com\/ca\/sobre-nosaltres\/\" \/>\n<meta property=\"og:site_name\" content=\"Comer\u00e7 Moble\" \/>\n<meta property=\"article:modified_time\" content=\"2024-05-08T13:12:29+00:00\" \/>\n<meta property=\"og:image\" content=\"https:\/\/comercmoble.com\/wp-content\/uploads\/2018\/11\/cabecera-sobre-nosotros.jpg\" \/>\n\t<meta property=\"og:image:width\" content=\"1920\" \/>\n\t<meta property=\"og:image:height\" content=\"550\" \/>\n\t<meta property=\"og:image:type\" content=\"image\/jpeg\" \/>\n<meta name=\"twitter:card\" content=\"summary_large_image\" \/>\n<meta name=\"twitter:label1\" content=\"Est. reading time\" \/>\n\t<meta name=\"twitter:data1\" content=\"13 minutes\" \/>\n<script type=\"application\/ld+json\" class=\"yoast-schema-graph\">{\"@context\":\"https:\\\/\\\/schema.org\",\"@graph\":[{\"@type\":\"WebPage\",\"@id\":\"https:\\\/\\\/comercmoble.com\\\/ca\\\/sobre-nosaltres\\\/\",\"url\":\"https:\\\/\\\/comercmoble.com\\\/ca\\\/sobre-nosaltres\\\/\",\"name\":\"Sobre nosaltres - Comer\u00e7 Moble\",\"isPartOf\":{\"@id\":\"https:\\\/\\\/comercmoble.com\\\/ca\\\/#website\"},\"primaryImageOfPage\":{\"@id\":\"https:\\\/\\\/comercmoble.com\\\/ca\\\/sobre-nosaltres\\\/#primaryimage\"},\"image\":{\"@id\":\"https:\\\/\\\/comercmoble.com\\\/ca\\\/sobre-nosaltres\\\/#primaryimage\"},\"thumbnailUrl\":\"https:\\\/\\\/comercmoble.com\\\/wp-content\\\/uploads\\\/2018\\\/11\\\/cabecera-sobre-nosotros.jpg\",\"datePublished\":\"2021-06-04T08:19:21+00:00\",\"dateModified\":\"2024-05-08T13:12:29+00:00\",\"breadcrumb\":{\"@id\":\"https:\\\/\\\/comercmoble.com\\\/ca\\\/sobre-nosaltres\\\/#breadcrumb\"},\"inLanguage\":\"va-VA\",\"potentialAction\":[{\"@type\":\"ReadAction\",\"target\":[\"https:\\\/\\\/comercmoble.com\\\/ca\\\/sobre-nosaltres\\\/\"]}]},{\"@type\":\"ImageObject\",\"inLanguage\":\"va-VA\",\"@id\":\"https:\\\/\\\/comercmoble.com\\\/ca\\\/sobre-nosaltres\\\/#primaryimage\",\"url\":\"https:\\\/\\\/comercmoble.com\\\/wp-content\\\/uploads\\\/2018\\\/11\\\/cabecera-sobre-nosotros.jpg\",\"contentUrl\":\"https:\\\/\\\/comercmoble.com\\\/wp-content\\\/uploads\\\/2018\\\/11\\\/cabecera-sobre-nosotros.jpg\",\"width\":1920,\"height\":550},{\"@type\":\"BreadcrumbList\",\"@id\":\"https:\\\/\\\/comercmoble.com\\\/ca\\\/sobre-nosaltres\\\/#breadcrumb\",\"itemListElement\":[{\"@type\":\"ListItem\",\"position\":1,\"name\":\"Inicio\",\"item\":\"https:\\\/\\\/comercmoble.com\\\/\"},{\"@type\":\"ListItem\",\"position\":2,\"name\":\"Sobre nosaltres\"}]},{\"@type\":\"WebSite\",\"@id\":\"https:\\\/\\\/comercmoble.com\\\/ca\\\/#website\",\"url\":\"https:\\\/\\\/comercmoble.com\\\/ca\\\/\",\"name\":\"Comer\u00e7 Moble\",\"description\":\"Asociaci\u00f3n de Comercios del Muebles de la Comunidad Valencia\",\"publisher\":{\"@id\":\"https:\\\/\\\/comercmoble.com\\\/ca\\\/#organization\"},\"potentialAction\":[{\"@type\":\"SearchAction\",\"target\":{\"@type\":\"EntryPoint\",\"urlTemplate\":\"https:\\\/\\\/comercmoble.com\\\/ca\\\/?s={search_term_string}\"},\"query-input\":{\"@type\":\"PropertyValueSpecification\",\"valueRequired\":true,\"valueName\":\"search_term_string\"}}],\"inLanguage\":\"va-VA\"},{\"@type\":\"Organization\",\"@id\":\"https:\\\/\\\/comercmoble.com\\\/ca\\\/#organization\",\"name\":\"ASOCIACI\u00d3N PARA LA DISTRIBUCI\u00d3N Y COMERCIO DEL H\u00c1BITAT DE LA COMUNIDAD VALENCIANA\",\"url\":\"https:\\\/\\\/comercmoble.com\\\/ca\\\/\",\"logo\":{\"@type\":\"ImageObject\",\"inLanguage\":\"va-VA\",\"@id\":\"https:\\\/\\\/comercmoble.com\\\/ca\\\/#\\\/schema\\\/logo\\\/image\\\/\",\"url\":\"https:\\\/\\\/comercmoble.com\\\/wp-content\\\/uploads\\\/2018\\\/11\\\/logo.png\",\"contentUrl\":\"https:\\\/\\\/comercmoble.com\\\/wp-content\\\/uploads\\\/2018\\\/11\\\/logo.png\",\"width\":213,\"height\":67,\"caption\":\"ASOCIACI\u00d3N PARA LA DISTRIBUCI\u00d3N Y COMERCIO DEL H\u00c1BITAT DE LA COMUNIDAD VALENCIANA\"},\"image\":{\"@id\":\"https:\\\/\\\/comercmoble.com\\\/ca\\\/#\\\/schema\\\/logo\\\/image\\\/\"}}]}<\/script>\n<!-- \/ Yoast SEO plugin. -->","yoast_head_json":{"title":"Sobre nosaltres - Comer\u00e7 Moble","robots":{"index":"index","follow":"follow","max-snippet":"max-snippet:-1","max-image-preview":"max-image-preview:large","max-video-preview":"max-video-preview:-1"},"canonical":"https:\/\/comercmoble.com\/ca\/sobre-nosaltres\/","og_locale":"en_US","og_type":"article","og_title":"Sobre nosaltres - Comer\u00e7 Moble","og_description":"[vc_row el_class=\"padtop80\"][vc_column][itl_section_title text_alignment=\"text-center\" title=\"Qui som\"][vc_row_inner][vc_column_inner width=\"1\/2\"][vc_column_text] 1. Som la asso...","og_url":"https:\/\/comercmoble.com\/ca\/sobre-nosaltres\/","og_site_name":"Comer\u00e7 Moble","article_modified_time":"2024-05-08T13:12:29+00:00","og_image":[{"width":1920,"height":550,"url":"https:\/\/comercmoble.com\/wp-content\/uploads\/2018\/11\/cabecera-sobre-nosotros.jpg","type":"image\/jpeg"}],"twitter_card":"summary_large_image","twitter_misc":{"Est. reading time":"13 minutes"},"schema":{"@context":"https:\/\/schema.org","@graph":[{"@type":"WebPage","@id":"https:\/\/comercmoble.com\/ca\/sobre-nosaltres\/","url":"https:\/\/comercmoble.com\/ca\/sobre-nosaltres\/","name":"Sobre nosaltres - Comer\u00e7 Moble","isPartOf":{"@id":"https:\/\/comercmoble.com\/ca\/#website"},"primaryImageOfPage":{"@id":"https:\/\/comercmoble.com\/ca\/sobre-nosaltres\/#primaryimage"},"image":{"@id":"https:\/\/comercmoble.com\/ca\/sobre-nosaltres\/#primaryimage"},"thumbnailUrl":"https:\/\/comercmoble.com\/wp-content\/uploads\/2018\/11\/cabecera-sobre-nosotros.jpg","datePublished":"2021-06-04T08:19:21+00:00","dateModified":"2024-05-08T13:12:29+00:00","breadcrumb":{"@id":"https:\/\/comercmoble.com\/ca\/sobre-nosaltres\/#breadcrumb"},"inLanguage":"va-VA","potentialAction":[{"@type":"ReadAction","target":["https:\/\/comercmoble.com\/ca\/sobre-nosaltres\/"]}]},{"@type":"ImageObject","inLanguage":"va-VA","@id":"https:\/\/comercmoble.com\/ca\/sobre-nosaltres\/#primaryimage","url":"https:\/\/comercmoble.com\/wp-content\/uploads\/2018\/11\/cabecera-sobre-nosotros.jpg","contentUrl":"https:\/\/comercmoble.com\/wp-content\/uploads\/2018\/11\/cabecera-sobre-nosotros.jpg","width":1920,"height":550},{"@type":"BreadcrumbList","@id":"https:\/\/comercmoble.com\/ca\/sobre-nosaltres\/#breadcrumb","itemListElement":[{"@type":"ListItem","position":1,"name":"Inicio","item":"https:\/\/comercmoble.com\/"},{"@type":"ListItem","position":2,"name":"Sobre nosaltres"}]},{"@type":"WebSite","@id":"https:\/\/comercmoble.com\/ca\/#website","url":"https:\/\/comercmoble.com\/ca\/","name":"Comer\u00e7 Moble","description":"Asociaci\u00f3n de Comercios del Muebles de la Comunidad Valencia","publisher":{"@id":"https:\/\/comercmoble.com\/ca\/#organization"},"potentialAction":[{"@type":"SearchAction","target":{"@type":"EntryPoint","urlTemplate":"https:\/\/comercmoble.com\/ca\/?s={search_term_string}"},"query-input":{"@type":"PropertyValueSpecification","valueRequired":true,"valueName":"search_term_string"}}],"inLanguage":"va-VA"},{"@type":"Organization","@id":"https:\/\/comercmoble.com\/ca\/#organization","name":"ASOCIACI\u00d3N PARA LA DISTRIBUCI\u00d3N Y COMERCIO DEL H\u00c1BITAT DE LA COMUNIDAD VALENCIANA","url":"https:\/\/comercmoble.com\/ca\/","logo":{"@type":"ImageObject","inLanguage":"va-VA","@id":"https:\/\/comercmoble.com\/ca\/#\/schema\/logo\/image\/","url":"https:\/\/comercmoble.com\/wp-content\/uploads\/2018\/11\/logo.png","contentUrl":"https:\/\/comercmoble.com\/wp-content\/uploads\/2018\/11\/logo.png","width":213,"height":67,"caption":"ASOCIACI\u00d3N PARA LA DISTRIBUCI\u00d3N Y COMERCIO DEL H\u00c1BITAT DE LA COMUNIDAD VALENCIANA"},"image":{"@id":"https:\/\/comercmoble.com\/ca\/#\/schema\/logo\/image\/"}}]}},"_links":{"self":[{"href":"https:\/\/comercmoble.com\/ca\/wp-json\/wp\/v2\/pages\/4319","targetHints":{"allow":["GET"]}}],"collection":[{"href":"https:\/\/comercmoble.com\/ca\/wp-json\/wp\/v2\/pages"}],"about":[{"href":"https:\/\/comercmoble.com\/ca\/wp-json\/wp\/v2\/types\/page"}],"author":[{"embeddable":true,"href":"https:\/\/comercmoble.com\/ca\/wp-json\/wp\/v2\/users\/230"}],"replies":[{"embeddable":true,"href":"https:\/\/comercmoble.com\/ca\/wp-json\/wp\/v2\/comments?post=4319"}],"version-history":[{"count":8,"href":"https:\/\/comercmoble.com\/ca\/wp-json\/wp\/v2\/pages\/4319\/revisions"}],"predecessor-version":[{"id":11857,"href":"https:\/\/comercmoble.com\/ca\/wp-json\/wp\/v2\/pages\/4319\/revisions\/11857"}],"wp:featuredmedia":[{"embeddable":true,"href":"https:\/\/comercmoble.com\/ca\/wp-json\/wp\/v2\/media\/3870"}],"wp:attachment":[{"href":"https:\/\/comercmoble.com\/ca\/wp-json\/wp\/v2\/media?parent=4319"}],"curies":[{"name":"wp","href":"https:\/\/api.w.org\/{rel}","templated":true}]}}