{"id":4305,"date":"2021-06-04T09:45:47","date_gmt":"2021-06-04T07:45:47","guid":{"rendered":"https:\/\/comercmoble.com\/serveis"},"modified":"2021-06-04T09:45:53","modified_gmt":"2021-06-04T07:45:53","slug":"serveis","status":"publish","type":"page","link":"https:\/\/comercmoble.com\/ca\/serveis\/","title":{"rendered":"Serveis"},"content":{"rendered":"<p>[et_pb_section fb_built=&#8221;1&#8243; _builder_version=&#8221;4.9.0&#8243; _module_preset=&#8221;default&#8221; custom_padding=&#8221;17px||9px|||&#8221; locked=&#8221;off&#8221;][et_pb_row _builder_version=&#8221;4.9.0&#8243; _module_preset=&#8221;default&#8221; custom_padding=&#8221;8px||9px|||&#8221;][et_pb_column type=&#8221;4_4&#8243; _builder_version=&#8221;4.9.0&#8243; _module_preset=&#8221;default&#8221;][et_pb_code _builder_version=&#8221;4.9.0&#8243; _module_preset=&#8221;default&#8221;]<span><span><a href=\"https:\/\/comercmoble.com\/\">Inicio<\/a><\/span><\/span>[\/et_pb_code][\/et_pb_column][\/et_pb_row][\/et_pb_section][et_pb_section fb_built=&#8221;1&#8243; _builder_version=&#8221;3.22&#8243; custom_padding=&#8221;11px||13px|||&#8221;][et_pb_row column_structure=&#8221;1_3,2_3&#8243; _builder_version=&#8221;4.9.0&#8243; max_width=&#8221;1280px&#8221; custom_padding=&#8221;27px|0px|0|0px|false|false&#8221; use_custom_width=&#8221;on&#8221; custom_width_px=&#8221;1280px&#8221; locked=&#8221;off&#8221;][et_pb_column type=&#8221;1_3&#8243; _builder_version=&#8221;3.25&#8243; custom_padding=&#8221;|||&#8221; custom_padding__hover=&#8221;|||&#8221;][et_pb_image src=&#8221;https:\/\/comercmoble.com\/wp-content\/uploads\/2021\/04\/servicios.jpg&#8221; alt=&#8221;serveis&#8221; title_text=&#8221;serveis&#8221; align_tablet=&#8221;center&#8221; align_phone=&#8221;&#8221; align_last_edited=&#8221;on|desktop&#8221; _builder_version=&#8221;4.9.3&#8243; max_width_tablet=&#8221;400px&#8221; max_width_phone=&#8221;200px&#8221; max_width_last_edited=&#8221;on|phone&#8221; module_alignment=&#8221;left&#8221; custom_margin_tablet=&#8221;||0vw|&#8221; custom_margin_last_edited=&#8221;off|desktop&#8221; animation_style=&#8221;slide&#8221; animation_direction=&#8221;left&#8221; animation_intensity_slide=&#8221;2%&#8221; locked=&#8221;off&#8221;][\/et_pb_image][\/et_pb_column][et_pb_column type=&#8221;2_3&#8243; _builder_version=&#8221;3.25&#8243; custom_padding=&#8221;|||&#8221; custom_padding__hover=&#8221;|||&#8221;][et_pb_text _builder_version=&#8221;4.9.0&#8243; text_font=&#8221;||||||||&#8221; header_font=&#8221;Montserrat|300|||||||&#8221; header_font_size=&#8221;70px&#8221; header_line_height=&#8221;1.3em&#8221; custom_margin=&#8221;||8px|||&#8221; header_font_size_tablet=&#8221;50px&#8221; header_font_size_phone=&#8221;40px&#8221; header_font_size_last_edited=&#8221;on|phone&#8221;]<\/p>\n<h1>Els nostres serveis<\/h1>\n<p>[\/et_pb_text][et_pb_text _builder_version=&#8221;4.9.0&#8243; text_font=&#8221;||||||||&#8221; text_font_size=&#8221;16px&#8221; text_line_height=&#8221;2.2em&#8221;]<\/p>\n<div class=\"section-title \">\n<div class=\"text-center\">\n<p class=\"subtitle\">Estem a disposici\u00f3 de les botigues associades, per ajudar-les i orientar-les professionalment<\/p>\n<\/div>\n<\/div>\n<div class=\"wpb_text_column wpb_content_element \">\n<div class=\"wpb_wrapper\">\n<p>S\u00f3n molts els serveis i les activitats que des de Comer\u00e7moble es realitzen, entre altres:<\/p>\n<ul>\n<li>En Comer\u00e7moble<strong>assumim la defensa i representaci\u00f3 dels interessos<\/strong> comuns dels comer\u00e7os del moble valencians.<\/li>\n<li>Organitzem cursos, confer\u00e8ncies, tallers i jornades t\u00e8cniques dirigides a millorar la <strong>professionalitzaci\u00f3 del sector<\/strong>i la millora de la <strong>competitivitat<\/strong>dels comer\u00e7os.<\/li>\n<li>Facilitem <strong>informaci\u00f3 i documentaci\u00f3<\/strong>als comer\u00e7os, enviant peri\u00f2dicament tota mena de circulars informatives als comer\u00e7os associats.<\/li>\n<li><strong>Donem suport i assessorem<\/strong>en els conflictes amb els consumidors i consumidores a trav\u00e9s de la Junta Arbitral de Consum.<\/li>\n<li><strong>Negociem el conveni<\/strong>col\u00b7lectiu del sector del comer\u00e7 del moble a la Comunitat Valenciana, donem assessorament laboral i legal als comer\u00e7os associats.<\/li>\n<\/ul>\n<\/div>\n<\/div>\n<p>[\/et_pb_text][\/et_pb_column][\/et_pb_row][\/et_pb_section][et_pb_section fb_built=&#8221;1&#8243; _builder_version=&#8221;4.9.0&#8243; _module_preset=&#8221;default&#8221; custom_padding=&#8221;21px|||||&#8221;][et_pb_row column_structure=&#8221;1_3,1_3,1_3&#8243; _builder_version=&#8221;4.9.0&#8243; _module_preset=&#8221;default&#8221; max_width=&#8221;1557px&#8221;][et_pb_column type=&#8221;1_3&#8243; _builder_version=&#8221;4.9.0&#8243; _module_preset=&#8221;default&#8221;][et_pb_blurb title=&#8221;Borsa d&#8217;Ocupaci\u00f3&#8221; use_icon=&#8221;on&#8221; font_icon=&#8221;%%126%%&#8221; _builder_version=&#8221;4.9.0&#8243; _module_preset=&#8221;default&#8221; header_level=&#8221;h3&#8243; header_font=&#8221;Montserrat|300|||||||&#8221; header_text_align=&#8221;center&#8221; header_font_size=&#8221;31px&#8221; custom_margin=&#8221;||17px|||&#8221; transform_styles__hover_enabled=&#8221;on|hover&#8221; transform_scale__hover_enabled=&#8221;on|hover&#8221; transform_translate__hover_enabled=&#8221;on|desktop&#8221; transform_rotate__hover_enabled=&#8221;on|desktop&#8221; transform_skew__hover_enabled=&#8221;on|desktop&#8221; transform_origin__hover_enabled=&#8221;on|desktop&#8221; transform_scale__hover=&#8221;104%|104%&#8221;]<\/p>\n<h5 style=\"text-align: center;\"><span style=\"color: #9d0c11;\">Posem en contacte els i les professionals amb botigues especialitzades<\/span><\/h5>\n<p>[\/et_pb_blurb][et_pb_text _builder_version=&#8221;4.9.0&#8243; text_font=&#8221;||||||||&#8221; text_font_size=&#8221;15px&#8221; text_line_height=&#8221;2.2em&#8221; header_font=&#8221;||||||||&#8221; custom_margin=&#8221;3px||50px||false|&#8221; locked=&#8221;off&#8221;]<\/p>\n<p><b>En Comer\u00e7moble posem en contacte professionals del sector en cerca d\u2019ocupaci\u00f3 amb els nostres associats comerciants del moble, i els oferim els perfils m\u00e9s idonis per a les seues empreses\u2026 envia\u2019ns el teu curr\u00edculum a:<\/b> <a href=\"mailto:comercioshabitatcv@gmail.com\" style=\"font-weight: bold;\">comercioshabitatcv@gmail.com<\/a><\/p>\n<p><strong>L\u2019objectiu \u00e9s la creaci\u00f3 d\u2019una borsa de treball de professionals per al Sector de Comer\u00e7 del Moble. Aquesta borsa estar\u00e0 a la disposici\u00f3 de tots els comer\u00e7os valencians que requerisquen professionals per a treballar a les seues botigues.<\/strong><\/p>\n<p><strong>Si eres un o una comerciant de mobles, pots enviar-nos un correu electr\u00f2nic a: <a href=\"comercioshabitatcv@gmail.com\"><u>comercioshabitatcv@gmail.<\/u><\/a>com on ens haur\u00e0s d\u2019indicar les caracter\u00edstiques del candidat o candidata que necessites perqu\u00e8 puguem realitzar una selecci\u00f3 de curr\u00edculums per al teu comer\u00e7.<\/strong><\/p>\n<p style=\"text-align: left;\"><span style=\"font-size: xx-small;\"><em>D&#8217;acord amb el que s&#8217;estableix en la Llei de Protecci\u00f3 de Dades de Car\u00e0cter Personal, l&#8217;informem que les dades que vost\u00e9 ens facilite volunt\u00e0riament seran inclosos en un fitxer automatitzat propietat de COMER\u00c7 MOBLE (Associaci\u00f3 per a la distribuci\u00f3 i Comer\u00e7 del Moble i l&#8217;H\u00e0bitat de la Comunitat Valenciana). Les seues dades seran tractades amb la finalitat de donar resposta a possibles ofertes d&#8217;ocupaci\u00f3 rebudes i, per tant, podran ser utilitzats o cedits, exclusivament, per a respondre a aquestes ofertes laborals rebudes de les nostres empreses associades. Mitjan\u00e7ant la seua resposta, signatura i lliurament del present q\u00fcestionari, vost\u00e9 ens dona el seu consentiment expl\u00edcit a disposar de les dades facilitades a tal fi. En qualsevol moment, vost\u00e9 podr\u00e0 fer exercici del seu dret d&#8217;acc\u00e9s, rectificaci\u00f3, cancel\u00b7laci\u00f3 o oposici\u00f3, dirigint-se a COMER\u00c7 MOBLE Av. del Cid n\u00ba2-4C 46018 VAL\u00c8NCIA, tel. 963 522 977 o per correu a comercioshabitatcv@gmail.com.<\/em><\/span><\/p>\n<p>[\/et_pb_text][\/et_pb_column][et_pb_column type=&#8221;1_3&#8243; _builder_version=&#8221;4.9.0&#8243; _module_preset=&#8221;default&#8221;][et_pb_blurb title=&#8221;Representaci\u00f3 institucional&#8221; use_icon=&#8221;on&#8221; font_icon=&#8221;%%136%%&#8221; _builder_version=&#8221;4.9.0&#8243; _module_preset=&#8221;default&#8221; header_level=&#8221;h3&#8243; header_font=&#8221;Montserrat|300|||||||&#8221; header_text_align=&#8221;center&#8221; header_font_size=&#8221;31px&#8221; custom_margin=&#8221;||17px|||&#8221; transform_styles__hover_enabled=&#8221;on|hover&#8221; transform_scale__hover=&#8221;104%|104%&#8221; transform_scale__hover_enabled=&#8221;on|hover&#8221; transform_translate__hover_enabled=&#8221;on|desktop&#8221; transform_rotate__hover_enabled=&#8221;on|desktop&#8221; transform_skew__hover_enabled=&#8221;on|desktop&#8221; transform_origin__hover_enabled=&#8221;on|desktop&#8221;]<\/p>\n<h5 style=\"text-align: center;\"><span style=\"color: #9d0c11;\">Estem presents per a defensar els interessos de les botigues i comer\u00e7os del moble en totes les institucions<\/span><\/h5>\n<p>[\/et_pb_blurb][et_pb_text _builder_version=&#8221;4.9.0&#8243; text_font=&#8221;||||||||&#8221; text_font_size=&#8221;15px&#8221; text_line_height=&#8221;2.2em&#8221; header_font=&#8221;||||||||&#8221; custom_margin=&#8221;3px||50px||false|&#8221; locked=&#8221;off&#8221;]<\/p>\n<p>Des dels seus inicis, <strong>Comer\u00e7moble<\/strong> es plantej\u00e0 diverses q\u00fcestions d\u2019inter\u00e9s per al sector amb l\u2019objectiu de <strong>millorar la competitivitat dels comer\u00e7os<\/strong>, i que s\u2019escolte la seua veu davant les administracions p\u00fabliques, i <strong>exigir el compliment de la normativa<\/strong> auton\u00f2mica, comunit\u00e0ria i estatal. Per tant, assumeix la <strong>representaci\u00f3 i la defensa<\/strong> dels interessos comuns dels associats i associades davant els organismes de l\u2019administraci\u00f3 i entitats p\u00fabliques i privades i, en general, enfront de tercers, exercint les accions oportunes.<\/p>\n<p>Per a dur a terme aquesta tasca, <strong>Come\u00e7moble<\/strong> est\u00e0 integrada en diferents associacions i organitzacions empresarials, on pot fer sentir la veu dels comer\u00e7os del sector, entre altres:<\/p>\n<ul>\n<li><strong>OBSERVATORI DEL COMER\u00c7<\/strong> de l\u2019Ajuntament de Val\u00e8ncia al costat de CECOVAL.<\/li>\n<li><strong>CONFECOMER\u00c7<\/strong> que \u00e9s la Confederaci\u00f3 de comer\u00e7 d&#8217;Alacant, Castell\u00f3 i Val\u00e8ncia.<\/li>\n<li><strong>Fira H\u00e0bitat Val\u00e8ncia<\/strong><\/li>\n<\/ul>\n<p>A m\u00e9s, l&#8217;Associaci\u00f3 <strong>pertany a la Junta Arbitral de Consum<\/strong>, assistint en representaci\u00f3 dels comerciants als procediments arbitrals relacionats amb el comer\u00e7 del moble.<\/p>\n<p>[\/et_pb_text][\/et_pb_column][et_pb_column type=&#8221;1_3&#8243; _builder_version=&#8221;4.9.0&#8243; _module_preset=&#8221;default&#8221;][et_pb_blurb title=&#8221;Negociaci\u00f3 col\u00b7lectiva&#8221; use_icon=&#8221;on&#8221; font_icon=&#8221;%%86%%&#8221; _builder_version=&#8221;4.9.0&#8243; _module_preset=&#8221;default&#8221; header_level=&#8221;h3&#8243; header_font=&#8221;Montserrat|300|||||||&#8221; header_text_align=&#8221;center&#8221; header_font_size=&#8221;31px&#8221; custom_margin=&#8221;||17px|||&#8221; transform_styles__hover_enabled=&#8221;on|hover&#8221; transform_scale__hover=&#8221;104%|104%&#8221; transform_scale__hover_enabled=&#8221;on|hover&#8221; transform_translate__hover_enabled=&#8221;on|desktop&#8221; transform_rotate__hover_enabled=&#8221;on|desktop&#8221; transform_skew__hover_enabled=&#8221;on|desktop&#8221; transform_origin__hover_enabled=&#8221;on|desktop&#8221;]<\/p>\n<h5 style=\"text-align: center;\"><span style=\"color: #9d0c11;\">Representem els interessos de la patronal del sector del moble de la Comunitat Valenciana en la signatura de convenis<\/span><\/h5>\n<p>[\/et_pb_blurb][et_pb_text _builder_version=&#8221;4.9.0&#8243; text_font=&#8221;||||||||&#8221; text_font_size=&#8221;15px&#8221; text_line_height=&#8221;2.2em&#8221; header_font=&#8221;||||||||&#8221; custom_margin=&#8221;3px||22px||false|&#8221; locked=&#8221;off&#8221;]<\/p>\n<p>Des de <b>Comer\u00e7moble<\/b>tenim el repte de negociar els diferents <strong>convenis col\u00b7lectiu de treball per al Comer\u00e7 del Moble<\/strong> i l\u2019H\u00e0bitat de la Comunitat Valenciana. Les diferents situacions que travessa el sector al llarg del temps, ens obliga a treballar en diferents modificacions de les condicions regulades en conveni (salaris, productivitat, flexibilitat interna, mobilitat funcional, distribuci\u00f3 de la jornada, etc.), amb l\u2019objectiu que els comer\u00e7os disposen d\u2019un <strong>conveni molt m\u00e9s \u00fatil i modern.<\/strong><\/p>\n<p>El Conveni Col\u00b7lectiu de Treball per a la Prov\u00edncia de Val\u00e8ncia del Sector del Comer\u00e7 de Mobles \u00e9s d\u2019obligat\u00f2ria aplicaci\u00f3 a totes les empreses i treballadors i treballadores l\u2019ep\u00edgraf fiscal dels quals siga un dels seg\u00fcents:<\/p>\n<ul>\n<li>615.2 Comer\u00e7 a l\u2019engr\u00f2s de mobles. Aquest ep\u00edgraf compr\u00e9n el comer\u00e7 a l\u2019engr\u00f2s de mobles de tota mena(de fusta, met\u00e0l\u00b7lics, etc.), i per a tot \u00fas (dom\u00e8stic, d\u2019oficina, escolar, etc.), aix\u00ed com el comer\u00e7 a l\u2019engr\u00f2s de matalassos i somiers.<\/li>\n<\/ul>\n<ul>\n<li>Grup 653. Comer\u00e7 al detall d\u2019articles per a l\u2019equipament de la llar i la construcci\u00f3. Aquest grup engloba els ep\u00edgrafs seg\u00fcents:\n<ul>\n<li>653.1 Comer\u00e7 al detall de mobles (excepte els d\u2019oficina).<\/li>\n<li>653.5 Comer\u00e7 al detall de portes, finestres i persianes, motlures i marcs, tarimes i parquet\u2013mosaic, cistelleria i articles del suro.<\/li>\n<li>653.6 Comer\u00e7 al detall d\u2019articles de bricolatge.<\/li>\n<li>653.9 Comer\u00e7 al detall d\u2019altres articles per a l\u2019equipament de la llar n.c.o.p.<\/li>\n<\/ul>\n<\/li>\n<\/ul>\n<p>Aquest Conveni \u00e9s aplicable a Val\u00e8ncia i la seua prov\u00edncia.<\/p>\n<p>[\/et_pb_text][\/et_pb_column][\/et_pb_row][et_pb_row _builder_version=&#8221;4.9.0&#8243; _module_preset=&#8221;default&#8221;][et_pb_column type=&#8221;4_4&#8243; _builder_version=&#8221;4.9.0&#8243; _module_preset=&#8221;default&#8221;][et_pb_text _builder_version=&#8221;4.9.3&#8243; _module_preset=&#8221;default&#8221; hover_enabled=&#8221;0&#8243; sticky_enabled=&#8221;0&#8243;]<\/p>\n<p>Actualment, <strong>Comer\u00e7moble<\/strong> desenvolupa la seua activitat de transmissi\u00f3 d\u2019informaci\u00f3, a trav\u00e9s de l\u2019enviament de cartes i circulars, als seus associats i associades en les \u00e0rees seg\u00fcents:<\/p>\n<ul>\n<li>Normativa comercial (festius d\u2019obertura, llei defensa consumidor, garanties en venda de b\u00e9ns de consum, etc.).<\/li>\n<li>Arbitratge i consum (resoluci\u00f3 de conflictes amb els consumidors i\/o consumidores).<\/li>\n<li>Ajudes i subvencions (totes les ajudes auton\u00f2miques i estatals a les quals poden optar els comer\u00e7os).<\/li>\n<li>Etiquetatge de producte (normativa i tota la informaci\u00f3 que ha de portar).<\/li>\n<li>Fires sectorials (informaci\u00f3 de totes les fires sectorials nacionals i internacionals del sector del moble).<\/li>\n<li>Jur\u00eddic-laboral i fiscal (actualitzaci\u00f3 de la normativa laboral i fiscal, tenint en compte les publicacions oficials).<\/li>\n<li>Protecci\u00f3 de dades (llei de protecci\u00f3 de dades i informaci\u00f3 sobre el seu compliment en un comer\u00e7 del moble).<\/li>\n<\/ul>\n<p>[\/et_pb_text][\/et_pb_column][\/et_pb_row][\/et_pb_section][et_pb_section fb_built=&#8221;1&#8243; _builder_version=&#8221;4.9.0&#8243; _module_preset=&#8221;default&#8221;][et_pb_row _builder_version=&#8221;4.9.0&#8243; _module_preset=&#8221;default&#8221;][et_pb_column type=&#8221;4_4&#8243; _builder_version=&#8221;4.9.0&#8243; _module_preset=&#8221;default&#8221;][et_pb_text _builder_version=&#8221;4.9.0&#8243; _module_preset=&#8221;default&#8221;]<\/p>\n<h4>ACORDS AMB TERCERS<\/h4>\n<p>[\/et_pb_text][et_pb_accordion _builder_version=&#8221;4.9.3&#8243; _module_preset=&#8221;default&#8221;][et_pb_accordion_item title=&#8221;\u00c9CIJA &#8211; 23\/07\/2020&#8243; _builder_version=&#8221;4.9.3&#8243; _module_preset=&#8221;default&#8221; open=&#8221;on&#8221;]<\/p>\n<div id=\"1505322223136-aaee28da-3667\" class=\"vc_tta-panel vc_active\" data-vc-content=\".vc_tta-panel-body\">\n<div class=\"vc_tta-panel-body\">\n<div class=\"wpb_text_column wpb_content_element \">\n<div class=\"wpb_wrapper\">\n<p><img loading=\"lazy\" decoding=\"async\" src=\"https:\/\/comercmoble.com\/wp-content\/uploads\/2021\/04\/CONVENIO-ECIJA.jpg\" width=\"800\" height=\"600\" alt=\"\" class=\"wp-image-2863 aligncenter size-full\" srcset=\"https:\/\/comercmoble.com\/wp-content\/uploads\/2021\/04\/CONVENIO-ECIJA.jpg 800w, https:\/\/comercmoble.com\/wp-content\/uploads\/2021\/04\/CONVENIO-ECIJA-480x360.jpg 480w\" sizes=\"(min-width: 0px) and (max-width: 480px) 480px, (min-width: 481px) 800px, 100vw\" \/><\/p>\n<p>ECIJA \u00e9s la signatura de serveis professionals l\u00edder del mercat espanyol en assessorament en Tecnologia, Mitjans i Telecomunicacions<\/p>\n<table width=\"485\">\n<tbody>\n<tr>\n<td width=\"485\">ACORD DE COL\u00b7LABORACI\u00d3 ENTRE ECIJA I COMER\u00c7MOBLE PER A POTENCIAR EL COMER\u00c7 ELECTR\u00d2NIC I DONAR SUPORT LEGAL AlS SEUS ASSOCIATS.\u201cQualsevol negoci digital ha de plantejar-se que la prestaci\u00f3 de serveis o venda de productes en l\u00ednia converteix al titular de la plataforma en un Prestador de Serveis de la Societat de la Informaci\u00f3 (PSSI) i subjecte a les responsabilitats establides en la normativa.<\/td>\n<\/tr>\n<\/tbody>\n<\/table>\n<\/div>\n<\/div>\n<\/div>\n<\/div>\n<div id=\"1505322223137-b633e036-7bba\" class=\"vc_tta-panel\" data-vc-content=\".vc_tta-panel-body\">\n<div class=\"vc_tta-panel-heading\">\n<h4 class=\"vc_tta-panel-title vc_tta-controls-icon-position-left\"><\/h4>\n<\/div>\n<\/div>\n<p>[\/et_pb_accordion_item][et_pb_accordion_item title=&#8221;AXA &#8211; 01\/03\/2017&#8243; _builder_version=&#8221;4.9.0&#8243; _module_preset=&#8221;default&#8221; open=&#8221;off&#8221;]<\/p>\n<p>L&#8217;empresa Centre d\u2019Assessorament, \u00e9s un referent en assessorament i contractaci\u00f3 de p\u00f2lisses, una llarga traject\u00f2ria en el sector de mobles a nivell nacional aix\u00ed ho demostra.<\/p>\n<table width=\"485\">\n<tbody>\n<tr>\n<td width=\"485\">Amb aquest acord, els associats\/as es beneficiaren d&#8217;unes condicions exclusives en la contractaci\u00f3 de les assegurances, tant particular com empresa .De manera exclusiva hem dissenyat de com\u00fa acord amb Axa, una p\u00f2lissa per a tots nosaltres que cobreix el risc de danys a tercers que t\u00e9 la nostra activitat amb un cost molt redu\u00eft<\/td>\n<\/tr>\n<\/tbody>\n<\/table>\n<p>[\/et_pb_accordion_item][et_pb_accordion_item title=&#8221;BANCO SABADELL &#8211; 16\/12\/2020&#8243; _builder_version=&#8221;4.9.3&#8243; _module_preset=&#8221;default&#8221; open=&#8221;off&#8221;]<\/p>\n<p style=\"text-align: center;\"><img loading=\"lazy\" decoding=\"async\" src=\"https:\/\/comercmoble.com\/wp-content\/uploads\/2021\/04\/CONVENIO-SABADELL.jpg\" width=\"800\" height=\"600\" alt=\"\" class=\"wp-image-2862 alignnone size-full\" srcset=\"https:\/\/comercmoble.com\/wp-content\/uploads\/2021\/04\/CONVENIO-SABADELL.jpg 800w, https:\/\/comercmoble.com\/wp-content\/uploads\/2021\/04\/CONVENIO-SABADELL-480x360.jpg 480w\" sizes=\"(min-width: 0px) and (max-width: 480px) 480px, (min-width: 481px) 800px, 100vw\" \/><\/p>\n<p>BANC SABADELL disposa d&#8217;una \u00e0mplia oferta de productes i serveis financers dirigits a col\u00b7lectius de professionals.<\/p>\n<p>&nbsp;<\/p>\n<p>&nbsp;<\/p>\n<p>[\/et_pb_accordion_item][et_pb_accordion_item title=&#8221;CAIXA POPULAR&#8221; open=&#8221;off&#8221; _builder_version=&#8221;4.9.3&#8243; _module_preset=&#8221;default&#8221;]<\/p>\n<h2>Avantatges amb Caixa Popular per a associats de Confecomer\u00e7 CV<\/h2>\n<p>Aquestes s\u00f3n algunes dels avantatges que ofereix CAIXA POPULAR per als comer\u00e7os associats, segons conveni de col\u00b7laboraci\u00f3 signat entre totes dues entitats:<\/p>\n<p>CONTE COMER\u00c7<\/p>\n<p>PR\u00c9STECS PER A LA MILLORA DEL TEIXIT EMPRESARIAL<\/p>\n<p>AJORNAR ELS TEUS IMPOSTOS<\/p>\n<p>CREDI-COMER\u00c7<\/p>\n<p>TPV DE CONFIAN\u00c7A I TARIFA PLANA TPV<\/p>\n<p>TARGETA DE COMPRA LOCAL<\/p>\n<p>&nbsp;<\/p>\n<p><a href=\"https:\/\/comercmoble.com\/ca\/recursos-per-a-associats\/\">M\u00e9s informaci\u00f3<\/a><\/p>\n<p>&nbsp;<\/p>\n<p>[\/et_pb_accordion_item][et_pb_accordion_item title=&#8221;MARTINEZ ASESORES&#8221; _builder_version=&#8221;4.9.0&#8243; _module_preset=&#8221;default&#8221; open=&#8221;off&#8221;]<\/p>\n<p>MARTINEZ ASESORES S.L. \u00e9s una empresa conformada per professionals de l&#8217;abogacia i economistes, que presten els seus serveis a empreses, b\u00e9 siguen persones f\u00edsiques o jur\u00eddiques.<\/p>\n<table width=\"485\">\n<tbody>\n<tr>\n<td width=\"485\">Abastant aquesta prestaci\u00f3, des de la realitzaci\u00f3 de n\u00f2mines, assegurances socials i altres que tinguen la seua causa en la relaci\u00f3 laboral. Serveis d&#8217;assessorament fiscal i comptable, i si foren necessaris per a l&#8217;altres part i si ho demanara especialment, la prestaci\u00f3 de serveis jur\u00eddics. <\/td>\n<\/tr>\n<\/tbody>\n<\/table>\n<p>&nbsp;<\/p>\n<p>[\/et_pb_accordion_item][\/et_pb_accordion][\/et_pb_column][\/et_pb_row][\/et_pb_section]<\/p>\n","protected":false},"excerpt":{"rendered":"<p><span><span><a href=\"https:\/\/comercmoble.com\/\">Inicio<\/a><\/span><\/span>Els nostres serveis Estem a disposici\u00f3 de les botigues associades, per ajudar-les i orientar-les professionalment S\u00f3n molts els serveis i les activitats que des de Comer\u00e7moble es realitzen, entre altres: En Comer\u00e7mobleassumim la defensa i representaci\u00f3 dels interessos comuns dels comer\u00e7os del moble valencians. Organitzem cursos, confer\u00e8ncies, tallers i jornades t\u00e8cniques dirigides a millorar la [&hellip;]<\/p>\n","protected":false},"author":230,"featured_media":3714,"parent":0,"menu_order":0,"comment_status":"closed","ping_status":"closed","template":"","meta":{"_et_pb_use_builder":"on","_et_pb_old_content":"","_et_gb_content_width":"","footnotes":""},"class_list":["post-4305","page","type-page","status-publish","has-post-thumbnail","hentry"],"yoast_head":"<!-- This site is optimized with the Yoast SEO plugin v27.4 - https:\/\/yoast.com\/product\/yoast-seo-wordpress\/ -->\n<title>Serveis - Comer\u00e7 Moble<\/title>\n<meta name=\"robots\" content=\"index, follow, max-snippet:-1, max-image-preview:large, max-video-preview:-1\" \/>\n<link rel=\"canonical\" href=\"https:\/\/comercmoble.com\/ca\/serveis\/\" \/>\n<meta property=\"og:locale\" content=\"en_US\" \/>\n<meta property=\"og:type\" content=\"article\" \/>\n<meta property=\"og:title\" content=\"Serveis - Comer\u00e7 Moble\" \/>\n<meta property=\"og:description\" content=\"Els nostres serveis Estem a disposici\u00f3 de les botigues associades, per ajudar-les i orientar-les professionalment S\u00f3n molts els serveis i les activitats que des de Comer\u00e7moble es realitzen, entre altres: En Comer\u00e7mobleassumim la defensa i representaci\u00f3 dels interessos comuns dels comer\u00e7os del moble valencians. Organitzem cursos, confer\u00e8ncies, tallers i jornades t\u00e8cniques dirigides a millorar la [&hellip;]\" \/>\n<meta property=\"og:url\" content=\"https:\/\/comercmoble.com\/ca\/serveis\/\" \/>\n<meta property=\"og:site_name\" content=\"Comer\u00e7 Moble\" \/>\n<meta property=\"article:modified_time\" content=\"2021-06-04T07:45:53+00:00\" \/>\n<meta property=\"og:image\" content=\"https:\/\/comercmoble.com\/wp-content\/uploads\/2017\/06\/cabecera-servicios.jpg\" \/>\n\t<meta property=\"og:image:width\" content=\"1920\" \/>\n\t<meta property=\"og:image:height\" content=\"550\" \/>\n\t<meta property=\"og:image:type\" content=\"image\/jpeg\" \/>\n<meta name=\"twitter:card\" content=\"summary_large_image\" \/>\n<meta name=\"twitter:label1\" content=\"Est. reading time\" \/>\n\t<meta name=\"twitter:data1\" content=\"11 minutes\" \/>\n<script type=\"application\/ld+json\" class=\"yoast-schema-graph\">{\"@context\":\"https:\\\/\\\/schema.org\",\"@graph\":[{\"@type\":\"WebPage\",\"@id\":\"https:\\\/\\\/comercmoble.com\\\/ca\\\/serveis\\\/\",\"url\":\"https:\\\/\\\/comercmoble.com\\\/ca\\\/serveis\\\/\",\"name\":\"Serveis - Comer\u00e7 Moble\",\"isPartOf\":{\"@id\":\"https:\\\/\\\/comercmoble.com\\\/ca\\\/#website\"},\"primaryImageOfPage\":{\"@id\":\"https:\\\/\\\/comercmoble.com\\\/ca\\\/serveis\\\/#primaryimage\"},\"image\":{\"@id\":\"https:\\\/\\\/comercmoble.com\\\/ca\\\/serveis\\\/#primaryimage\"},\"thumbnailUrl\":\"https:\\\/\\\/comercmoble.com\\\/wp-content\\\/uploads\\\/2017\\\/06\\\/cabecera-servicios.jpg\",\"datePublished\":\"2021-06-04T07:45:47+00:00\",\"dateModified\":\"2021-06-04T07:45:53+00:00\",\"breadcrumb\":{\"@id\":\"https:\\\/\\\/comercmoble.com\\\/ca\\\/serveis\\\/#breadcrumb\"},\"inLanguage\":\"va-VA\",\"potentialAction\":[{\"@type\":\"ReadAction\",\"target\":[\"https:\\\/\\\/comercmoble.com\\\/ca\\\/serveis\\\/\"]}]},{\"@type\":\"ImageObject\",\"inLanguage\":\"va-VA\",\"@id\":\"https:\\\/\\\/comercmoble.com\\\/ca\\\/serveis\\\/#primaryimage\",\"url\":\"https:\\\/\\\/comercmoble.com\\\/wp-content\\\/uploads\\\/2017\\\/06\\\/cabecera-servicios.jpg\",\"contentUrl\":\"https:\\\/\\\/comercmoble.com\\\/wp-content\\\/uploads\\\/2017\\\/06\\\/cabecera-servicios.jpg\",\"width\":1920,\"height\":550},{\"@type\":\"BreadcrumbList\",\"@id\":\"https:\\\/\\\/comercmoble.com\\\/ca\\\/serveis\\\/#breadcrumb\",\"itemListElement\":[{\"@type\":\"ListItem\",\"position\":1,\"name\":\"Inicio\",\"item\":\"https:\\\/\\\/comercmoble.com\\\/\"},{\"@type\":\"ListItem\",\"position\":2,\"name\":\"Serveis\"}]},{\"@type\":\"WebSite\",\"@id\":\"https:\\\/\\\/comercmoble.com\\\/ca\\\/#website\",\"url\":\"https:\\\/\\\/comercmoble.com\\\/ca\\\/\",\"name\":\"Comer\u00e7 Moble\",\"description\":\"Asociaci\u00f3n de Comercios del Muebles de la Comunidad Valencia\",\"publisher\":{\"@id\":\"https:\\\/\\\/comercmoble.com\\\/ca\\\/#organization\"},\"potentialAction\":[{\"@type\":\"SearchAction\",\"target\":{\"@type\":\"EntryPoint\",\"urlTemplate\":\"https:\\\/\\\/comercmoble.com\\\/ca\\\/?s={search_term_string}\"},\"query-input\":{\"@type\":\"PropertyValueSpecification\",\"valueRequired\":true,\"valueName\":\"search_term_string\"}}],\"inLanguage\":\"va-VA\"},{\"@type\":\"Organization\",\"@id\":\"https:\\\/\\\/comercmoble.com\\\/ca\\\/#organization\",\"name\":\"ASOCIACI\u00d3N PARA LA DISTRIBUCI\u00d3N Y COMERCIO DEL H\u00c1BITAT DE LA COMUNIDAD VALENCIANA\",\"url\":\"https:\\\/\\\/comercmoble.com\\\/ca\\\/\",\"logo\":{\"@type\":\"ImageObject\",\"inLanguage\":\"va-VA\",\"@id\":\"https:\\\/\\\/comercmoble.com\\\/ca\\\/#\\\/schema\\\/logo\\\/image\\\/\",\"url\":\"https:\\\/\\\/comercmoble.com\\\/wp-content\\\/uploads\\\/2018\\\/11\\\/logo.png\",\"contentUrl\":\"https:\\\/\\\/comercmoble.com\\\/wp-content\\\/uploads\\\/2018\\\/11\\\/logo.png\",\"width\":213,\"height\":67,\"caption\":\"ASOCIACI\u00d3N PARA LA DISTRIBUCI\u00d3N Y COMERCIO DEL H\u00c1BITAT DE LA COMUNIDAD VALENCIANA\"},\"image\":{\"@id\":\"https:\\\/\\\/comercmoble.com\\\/ca\\\/#\\\/schema\\\/logo\\\/image\\\/\"}}]}<\/script>\n<!-- \/ Yoast SEO plugin. -->","yoast_head_json":{"title":"Serveis - Comer\u00e7 Moble","robots":{"index":"index","follow":"follow","max-snippet":"max-snippet:-1","max-image-preview":"max-image-preview:large","max-video-preview":"max-video-preview:-1"},"canonical":"https:\/\/comercmoble.com\/ca\/serveis\/","og_locale":"en_US","og_type":"article","og_title":"Serveis - Comer\u00e7 Moble","og_description":"Els nostres serveis Estem a disposici\u00f3 de les botigues associades, per ajudar-les i orientar-les professionalment S\u00f3n molts els serveis i les activitats que des de Comer\u00e7moble es realitzen, entre altres: En Comer\u00e7mobleassumim la defensa i representaci\u00f3 dels interessos comuns dels comer\u00e7os del moble valencians. Organitzem cursos, confer\u00e8ncies, tallers i jornades t\u00e8cniques dirigides a millorar la [&hellip;]","og_url":"https:\/\/comercmoble.com\/ca\/serveis\/","og_site_name":"Comer\u00e7 Moble","article_modified_time":"2021-06-04T07:45:53+00:00","og_image":[{"width":1920,"height":550,"url":"https:\/\/comercmoble.com\/wp-content\/uploads\/2017\/06\/cabecera-servicios.jpg","type":"image\/jpeg"}],"twitter_card":"summary_large_image","twitter_misc":{"Est. reading time":"11 minutes"},"schema":{"@context":"https:\/\/schema.org","@graph":[{"@type":"WebPage","@id":"https:\/\/comercmoble.com\/ca\/serveis\/","url":"https:\/\/comercmoble.com\/ca\/serveis\/","name":"Serveis - Comer\u00e7 Moble","isPartOf":{"@id":"https:\/\/comercmoble.com\/ca\/#website"},"primaryImageOfPage":{"@id":"https:\/\/comercmoble.com\/ca\/serveis\/#primaryimage"},"image":{"@id":"https:\/\/comercmoble.com\/ca\/serveis\/#primaryimage"},"thumbnailUrl":"https:\/\/comercmoble.com\/wp-content\/uploads\/2017\/06\/cabecera-servicios.jpg","datePublished":"2021-06-04T07:45:47+00:00","dateModified":"2021-06-04T07:45:53+00:00","breadcrumb":{"@id":"https:\/\/comercmoble.com\/ca\/serveis\/#breadcrumb"},"inLanguage":"va-VA","potentialAction":[{"@type":"ReadAction","target":["https:\/\/comercmoble.com\/ca\/serveis\/"]}]},{"@type":"ImageObject","inLanguage":"va-VA","@id":"https:\/\/comercmoble.com\/ca\/serveis\/#primaryimage","url":"https:\/\/comercmoble.com\/wp-content\/uploads\/2017\/06\/cabecera-servicios.jpg","contentUrl":"https:\/\/comercmoble.com\/wp-content\/uploads\/2017\/06\/cabecera-servicios.jpg","width":1920,"height":550},{"@type":"BreadcrumbList","@id":"https:\/\/comercmoble.com\/ca\/serveis\/#breadcrumb","itemListElement":[{"@type":"ListItem","position":1,"name":"Inicio","item":"https:\/\/comercmoble.com\/"},{"@type":"ListItem","position":2,"name":"Serveis"}]},{"@type":"WebSite","@id":"https:\/\/comercmoble.com\/ca\/#website","url":"https:\/\/comercmoble.com\/ca\/","name":"Comer\u00e7 Moble","description":"Asociaci\u00f3n de Comercios del Muebles de la Comunidad Valencia","publisher":{"@id":"https:\/\/comercmoble.com\/ca\/#organization"},"potentialAction":[{"@type":"SearchAction","target":{"@type":"EntryPoint","urlTemplate":"https:\/\/comercmoble.com\/ca\/?s={search_term_string}"},"query-input":{"@type":"PropertyValueSpecification","valueRequired":true,"valueName":"search_term_string"}}],"inLanguage":"va-VA"},{"@type":"Organization","@id":"https:\/\/comercmoble.com\/ca\/#organization","name":"ASOCIACI\u00d3N PARA LA DISTRIBUCI\u00d3N Y COMERCIO DEL H\u00c1BITAT DE LA COMUNIDAD VALENCIANA","url":"https:\/\/comercmoble.com\/ca\/","logo":{"@type":"ImageObject","inLanguage":"va-VA","@id":"https:\/\/comercmoble.com\/ca\/#\/schema\/logo\/image\/","url":"https:\/\/comercmoble.com\/wp-content\/uploads\/2018\/11\/logo.png","contentUrl":"https:\/\/comercmoble.com\/wp-content\/uploads\/2018\/11\/logo.png","width":213,"height":67,"caption":"ASOCIACI\u00d3N PARA LA DISTRIBUCI\u00d3N Y COMERCIO DEL H\u00c1BITAT DE LA COMUNIDAD VALENCIANA"},"image":{"@id":"https:\/\/comercmoble.com\/ca\/#\/schema\/logo\/image\/"}}]}},"_links":{"self":[{"href":"https:\/\/comercmoble.com\/ca\/wp-json\/wp\/v2\/pages\/4305","targetHints":{"allow":["GET"]}}],"collection":[{"href":"https:\/\/comercmoble.com\/ca\/wp-json\/wp\/v2\/pages"}],"about":[{"href":"https:\/\/comercmoble.com\/ca\/wp-json\/wp\/v2\/types\/page"}],"author":[{"embeddable":true,"href":"https:\/\/comercmoble.com\/ca\/wp-json\/wp\/v2\/users\/230"}],"replies":[{"embeddable":true,"href":"https:\/\/comercmoble.com\/ca\/wp-json\/wp\/v2\/comments?post=4305"}],"version-history":[{"count":5,"href":"https:\/\/comercmoble.com\/ca\/wp-json\/wp\/v2\/pages\/4305\/revisions"}],"predecessor-version":[{"id":4310,"href":"https:\/\/comercmoble.com\/ca\/wp-json\/wp\/v2\/pages\/4305\/revisions\/4310"}],"wp:featuredmedia":[{"embeddable":true,"href":"https:\/\/comercmoble.com\/ca\/wp-json\/wp\/v2\/media\/3714"}],"wp:attachment":[{"href":"https:\/\/comercmoble.com\/ca\/wp-json\/wp\/v2\/media?parent=4305"}],"curies":[{"name":"wp","href":"https:\/\/api.w.org\/{rel}","templated":true}]}}