{"version":"1.0","provider_name":"Comer\u00e7 Moble","provider_url":"https:\/\/comercmoble.com\/ca\/","author_name":"Carolina","author_url":"https:\/\/comercmoble.com\/ca\/author\/juliacomo\/","title":"Comer\u00e7moble en Feria Habitat Valencia 2018 - Comer\u00e7 Moble","type":"rich","width":600,"height":338,"html":"<blockquote class=\"wp-embedded-content\" data-secret=\"XmNu54ZWgc\"><a href=\"https:\/\/comercmoble.com\/ca\/comercmoble-en-feria-habitat-valencia-2018\/\">Comer\u00e7moble en Feria Habitat Valencia 2018<\/a><\/blockquote><iframe sandbox=\"allow-scripts\" security=\"restricted\" src=\"https:\/\/comercmoble.com\/ca\/comercmoble-en-feria-habitat-valencia-2018\/embed\/#?secret=XmNu54ZWgc\" width=\"600\" height=\"338\" title=\"&#8220;Comer\u00e7moble en Feria Habitat Valencia 2018&#8221; &#8212; Comer\u00e7 Moble\" data-secret=\"XmNu54ZWgc\" frameborder=\"0\" marginwidth=\"0\" marginheight=\"0\" scrolling=\"no\" class=\"wp-embedded-content\"><\/iframe><script type=\"text\/javascript\">\n\/* <![CDATA[ *\/\n\/*! This file is auto-generated *\/\n!function(d,l){\"use strict\";l.querySelector&&d.addEventListener&&\"undefined\"!=typeof URL&&(d.wp=d.wp||{},d.wp.receiveEmbedMessage||(d.wp.receiveEmbedMessage=function(e){var t=e.data;if((t||t.secret||t.message||t.value)&&!\/[^a-zA-Z0-9]\/.test(t.secret)){for(var s,r,n,a=l.querySelectorAll('iframe[data-secret=\"'+t.secret+'\"]'),o=l.querySelectorAll('blockquote[data-secret=\"'+t.secret+'\"]'),c=new RegExp(\"^https?:$\",\"i\"),i=0;i<o.length;i++)o[i].style.display=\"none\";for(i=0;i<a.length;i++)s=a[i],e.source===s.contentWindow&&(s.removeAttribute(\"style\"),\"height\"===t.message?(1e3<(r=parseInt(t.value,10))?r=1e3:~~r<200&&(r=200),s.height=r):\"link\"===t.message&&(r=new URL(s.getAttribute(\"src\")),n=new URL(t.value),c.test(n.protocol))&&n.host===r.host&&l.activeElement===s&&(d.top.location.href=t.value))}},d.addEventListener(\"message\",d.wp.receiveEmbedMessage,!1),l.addEventListener(\"DOMContentLoaded\",function(){for(var e,t,s=l.querySelectorAll(\"iframe.wp-embedded-content\"),r=0;r<s.length;r++)(t=(e=s[r]).getAttribute(\"data-secret\"))||(t=Math.random().toString(36).substring(2,12),e.src+=\"#?secret=\"+t,e.setAttribute(\"data-secret\",t)),e.contentWindow.postMessage({message:\"ready\",secret:t},\"*\")},!1)))}(window,document);\n\/\/# sourceURL=https:\/\/comercmoble.com\/wp-includes\/js\/wp-embed.min.js\n\/* ]]> *\/\n<\/script>\n","thumbnail_url":"https:\/\/comercmoble.com\/wp-content\/uploads\/2018\/07\/imagen-feria-direccion.jpg","thumbnail_width":640,"thumbnail_height":480,"description":"Comer\u00e7moble apoya a Feria de Valencia para la realizaci\u00f3n de la feria Habitat 2018 el pr\u00f3ximo mes de Septiembre. La asociaci\u00f3n mas relevante de tiendas de muebles de la Comunidad Valenciana \u00a0mostrar\u00e1 en este evento su plan de actuaciones para los pr\u00f3ximos a\u00f1os dentro del marco estrat\u00e9gico aprobado por su junta general. A primeros de [&hellip;]"}